{"id":1348,"date":"2024-10-04T12:54:33","date_gmt":"2024-10-04T10:54:33","guid":{"rendered":"https:\/\/culturaalimentaria.org\/2024\/?page_id=1348"},"modified":"2024-10-16T11:44:22","modified_gmt":"2024-10-16T09:44:22","slug":"el-precio-del-progreso","status":"publish","type":"page","link":"https:\/\/culturaalimentaria.org\/2024\/el-precio-del-progreso\/","title":{"rendered":"El precio del progreso"},"content":{"rendered":"\n<figure class=\"wp-block-image size-full is-resized\"><img loading=\"lazy\" decoding=\"async\" width=\"304\" height=\"434\" src=\"https:\/\/culturaalimentaria.org\/2024\/wp-content\/uploads\/2024\/10\/El-precio-del-progreso-304px.webp\" alt=\"\" class=\"wp-image-1349\" style=\"width:304px;height:auto\" srcset=\"https:\/\/culturaalimentaria.org\/2024\/wp-content\/uploads\/2024\/10\/El-precio-del-progreso-304px.webp 304w, https:\/\/culturaalimentaria.org\/2024\/wp-content\/uploads\/2024\/10\/El-precio-del-progreso-304px-210x300.webp 210w\" sizes=\"auto, (max-width: 304px) 100vw, 304px\" \/><\/figure>\n\n\n\n<p class=\"has-medium-font-size\"><strong>SINOPSIS<\/strong><br>Las alarmas del calentamiento clim\u00e1tico global y la superpoblaci\u00f3n nos presionan para elegir qu\u00e9 modelo de producci\u00f3n alimentaria queremos. En este contexto, el precio del progreso explora la trama de intrigas, miedos, presiones pol\u00edticas y argumentario del lobby de las corporaciones alimentarias, con base en Europa, enfrentadas a cient\u00edficos de referencia, expertos y periodistas de investigaci\u00f3n.<br>\u00bfQu\u00e9 es lo que hay en juego en la industria alimentaria? \u00bfPoder, dinero o salud?<\/p>\n\n\n\n<p class=\"has-medium-font-size\"><strong>A\u00f1o:<\/strong> 2020<br><strong>Duraci\u00f3n:<\/strong> 79 min.<br><strong>Dirigido por:<\/strong> V\u00edctor Luengo<br><strong>Productor ejecutivo:<\/strong> V\u00edctor Luengo<br><strong>Productor ejecutivo:<\/strong> Pablo De La Chica<br><strong>Jefe de producci\u00f3n:<\/strong> Virginia D\u00edaz<\/p>\n\n\n\n<p class=\"has-medium-font-size\"><\/p>\n\n\n\n<figure class=\"wp-block-image size-full\"><img loading=\"lazy\" decoding=\"async\" width=\"454\" height=\"255\" src=\"https:\/\/culturaalimentaria.org\/2024\/wp-content\/uploads\/2024\/10\/IMAGEN-EL-PRECIO-DEL-PROGRESO.webp\" alt=\"\" class=\"wp-image-1350\" srcset=\"https:\/\/culturaalimentaria.org\/2024\/wp-content\/uploads\/2024\/10\/IMAGEN-EL-PRECIO-DEL-PROGRESO.webp 454w, https:\/\/culturaalimentaria.org\/2024\/wp-content\/uploads\/2024\/10\/IMAGEN-EL-PRECIO-DEL-PROGRESO-300x169.webp 300w\" sizes=\"auto, (max-width: 454px) 100vw, 454px\" \/><\/figure>\n\n\n\n<p class=\"has-medium-font-size\"><\/p>\n\n\n\n<p class=\"has-medium-font-size\"><strong>M\u00e1s informaci\u00f3n:<\/strong><br><a href=\"https:\/\/sede.mcu.gob.es\/CatalogoICAA\/Peliculas\/Detalle?pelicula=124318\" target=\"_blank\" rel=\"noreferrer noopener\">https:\/\/sede.mcu.gob.es\/CatalogoICAA\/Peliculas\/Detalle?pelicula=124318<\/a><br><\/p>\n\n\n\n<p class=\"has-medium-font-size\"><strong>Trailer: El precio del progreso<\/strong><\/p>\n\n\n\n<figure class=\"wp-block-embed is-type-video is-provider-youtube wp-block-embed-youtube wp-embed-aspect-16-9 wp-has-aspect-ratio\"><div class=\"wp-block-embed__wrapper\">\n<div class=\"fitvids-video\"><iframe loading=\"lazy\" title=\"The Price of Progress dir. Victor Luengo\" width=\"783\" height=\"440\" src=\"https:\/\/www.youtube.com\/embed\/gqnAhVgvnXo?feature=oembed\" frameborder=\"0\" allow=\"accelerometer; autoplay; clipboard-write; encrypted-media; gyroscope; picture-in-picture; web-share\" referrerpolicy=\"strict-origin-when-cross-origin\" allowfullscreen><\/iframe><\/div>\n<\/div><\/figure>\n","protected":false},"excerpt":{"rendered":"<p>SINOPSISLas alarmas del calentamiento clim\u00e1tico global y la superpoblaci\u00f3n nos presionan para elegir qu\u00e9 modelo de producci\u00f3n alimentaria queremos. En este contexto, el precio del<\/p>\n","protected":false},"author":1,"featured_media":0,"parent":0,"menu_order":0,"comment_status":"open","ping_status":"open","template":"","meta":{"footnotes":""},"class_list":["post-1348","page","type-page","status-publish","hentry"],"_links":{"self":[{"href":"https:\/\/culturaalimentaria.org\/2024\/wp-json\/wp\/v2\/pages\/1348","targetHints":{"allow":["GET"]}}],"collection":[{"href":"https:\/\/culturaalimentaria.org\/2024\/wp-json\/wp\/v2\/pages"}],"about":[{"href":"https:\/\/culturaalimentaria.org\/2024\/wp-json\/wp\/v2\/types\/page"}],"author":[{"embeddable":true,"href":"https:\/\/culturaalimentaria.org\/2024\/wp-json\/wp\/v2\/users\/1"}],"replies":[{"embeddable":true,"href":"https:\/\/culturaalimentaria.org\/2024\/wp-json\/wp\/v2\/comments?post=1348"}],"version-history":[{"count":2,"href":"https:\/\/culturaalimentaria.org\/2024\/wp-json\/wp\/v2\/pages\/1348\/revisions"}],"predecessor-version":[{"id":1530,"href":"https:\/\/culturaalimentaria.org\/2024\/wp-json\/wp\/v2\/pages\/1348\/revisions\/1530"}],"wp:attachment":[{"href":"https:\/\/culturaalimentaria.org\/2024\/wp-json\/wp\/v2\/media?parent=1348"}],"curies":[{"name":"wp","href":"https:\/\/api.w.org\/{rel}","templated":true}]}}