{"id":1412,"date":"2024-10-09T18:35:14","date_gmt":"2024-10-09T16:35:14","guid":{"rendered":"https:\/\/culturaalimentaria.org\/2024\/?page_id=1412"},"modified":"2024-10-16T11:42:26","modified_gmt":"2024-10-16T09:42:26","slug":"la-cesta-comemos-lo-que-compramos","status":"publish","type":"page","link":"https:\/\/culturaalimentaria.org\/2024\/la-cesta-comemos-lo-que-compramos\/","title":{"rendered":"La cesta. Comemos lo que compramos."},"content":{"rendered":"\n<figure class=\"wp-block-image size-full is-resized\"><img loading=\"lazy\" decoding=\"async\" width=\"425\" height=\"638\" src=\"https:\/\/culturaalimentaria.org\/2024\/wp-content\/uploads\/2024\/10\/la-cesta.webp\" alt=\"\" class=\"wp-image-1227\" style=\"width:304px;height:auto\" srcset=\"https:\/\/culturaalimentaria.org\/2024\/wp-content\/uploads\/2024\/10\/la-cesta.webp 425w, https:\/\/culturaalimentaria.org\/2024\/wp-content\/uploads\/2024\/10\/la-cesta-200x300.webp 200w\" sizes=\"auto, (max-width: 425px) 100vw, 425px\" \/><\/figure>\n\n\n\n<p class=\"has-medium-font-size\"><strong>La cesta. Comemos lo que compramos<\/strong><\/p>\n\n\n\n<p class=\"has-medium-font-size\"><strong>Sipnosis:<\/strong><br>\u00abLa cesta\u00bb explora el impacto de las decisiones diarias de compra de alimentos en la econom\u00eda rural y en los peque\u00f1os productores. El documental se centra en la vida de cuatro peque\u00f1os productores de las sierras riojanas (ganadero, quesera, panadero y agricultor) y en las reflexiones de expertos en gastronom\u00eda y sociolog\u00eda. A trav\u00e9s de sus historias, el filme aborda c\u00f3mo el consumo consciente puede apoyar la sostenibilidad del mundo rural, resaltando la importancia de elegir productos locales y de calidad. La obra tambi\u00e9n analiza los desaf\u00edos que enfrentan estos productores en un mercado dominado por la oferta industrial, reflexionando sobre la relaci\u00f3n entre alimentaci\u00f3n, salud y territorio<\/p>\n\n\n\n<p class=\"has-medium-font-size\"><strong>Directores y productores<\/strong>: Fernando S\u00e1enz y Angelines Gonz\u00e1lez<br><strong>A\u00f1o<\/strong>: 2022<br><strong>Duraci\u00f3n<\/strong>: 30 minutos<br><strong>Producci\u00f3n<\/strong>: Equipo de La Casa de la Imagen, con Jes\u00fas Rocandio y Bernardo S\u00e1nchez. Colaboraci\u00f3n del Gobierno de La Rioja<br><strong>Premios<\/strong>: Biznaga de Plata al Mejor Cortometraje en la secci\u00f3n Cinema Cocina del Festival de M\u00e1laga 2022<\/p>\n\n\n\n<p><\/p>\n\n\n\n<p class=\"has-medium-font-size\"><strong>Trailer: La cesta. Comemos lo que compramos.<\/strong><\/p>\n\n\n\n<figure class=\"wp-block-embed is-type-video is-provider-youtube wp-block-embed-youtube wp-embed-aspect-16-9 wp-has-aspect-ratio\"><div class=\"wp-block-embed__wrapper\">\n<div class=\"fitvids-video\"><iframe loading=\"lazy\" title=\"Comemos lo que compramos. La Cesta\" width=\"783\" height=\"440\" src=\"https:\/\/www.youtube.com\/embed\/1a0UW-sXnVQ?feature=oembed\" frameborder=\"0\" allow=\"accelerometer; autoplay; clipboard-write; encrypted-media; gyroscope; picture-in-picture; web-share\" referrerpolicy=\"strict-origin-when-cross-origin\" allowfullscreen><\/iframe><\/div>\n<\/div><\/figure>\n","protected":false},"excerpt":{"rendered":"<p>La cesta. Comemos lo que compramos Sipnosis:\u00abLa cesta\u00bb explora el impacto de las decisiones diarias de compra de alimentos en la econom\u00eda rural y en<\/p>\n","protected":false},"author":1,"featured_media":0,"parent":0,"menu_order":0,"comment_status":"open","ping_status":"open","template":"","meta":{"footnotes":""},"class_list":["post-1412","page","type-page","status-publish","hentry"],"_links":{"self":[{"href":"https:\/\/culturaalimentaria.org\/2024\/wp-json\/wp\/v2\/pages\/1412","targetHints":{"allow":["GET"]}}],"collection":[{"href":"https:\/\/culturaalimentaria.org\/2024\/wp-json\/wp\/v2\/pages"}],"about":[{"href":"https:\/\/culturaalimentaria.org\/2024\/wp-json\/wp\/v2\/types\/page"}],"author":[{"embeddable":true,"href":"https:\/\/culturaalimentaria.org\/2024\/wp-json\/wp\/v2\/users\/1"}],"replies":[{"embeddable":true,"href":"https:\/\/culturaalimentaria.org\/2024\/wp-json\/wp\/v2\/comments?post=1412"}],"version-history":[{"count":3,"href":"https:\/\/culturaalimentaria.org\/2024\/wp-json\/wp\/v2\/pages\/1412\/revisions"}],"predecessor-version":[{"id":1528,"href":"https:\/\/culturaalimentaria.org\/2024\/wp-json\/wp\/v2\/pages\/1412\/revisions\/1528"}],"wp:attachment":[{"href":"https:\/\/culturaalimentaria.org\/2024\/wp-json\/wp\/v2\/media?parent=1412"}],"curies":[{"name":"wp","href":"https:\/\/api.w.org\/{rel}","templated":true}]}}