{"id":1823,"date":"2025-05-07T19:03:36","date_gmt":"2025-05-07T17:03:36","guid":{"rendered":"https:\/\/culturaalimentaria.org\/2024\/?page_id=1823"},"modified":"2025-06-04T17:18:21","modified_gmt":"2025-06-04T15:18:21","slug":"concurso","status":"publish","type":"page","link":"https:\/\/culturaalimentaria.org\/2024\/concurso\/","title":{"rendered":"GANADORES del CONCURSO:"},"content":{"rendered":"\n<p class=\"has-large-font-size\"><strong>\u00abEl coste ambiental de lo que comemos\u00bb<\/strong><\/p>\n\n\n\n<p class=\"has-medium-font-size\"><strong>\u00abC\u00d3MO LA PRODUCCI\u00d3N DE ALIMENTOS Y NUESTROS H\u00c1BITOS DE CONSUMO AFECTAN AL MEDIO AMBIENTE\u00bb<\/strong><\/p>\n\n\n\n<p class=\"has-medium-font-size\">Tras una participaci\u00f3n entusiasta y muy diversa, \u00a1nos complace anunciar los resultados del concurso \u201cEl coste ambiental de lo que comemos\u201d, organizado por <strong><a href=\"https:\/\/alfonsolacuesta.com\/\" target=\"_blank\" rel=\"noreferrer noopener\">Alfonso Lacuesta<\/a><\/strong> y la <strong><a href=\"https:\/\/asociacionalimentum.org\/\" target=\"_blank\" rel=\"noreferrer noopener\">Asociaci\u00f3n Alimentum<\/a><\/strong> a trav\u00e9s del proyecto Cultura Alimentaria.<br>Queremos agradecer a todos los participantes \u2013ayuntamientos, centros formativos y particulares\u2013 por aportar sus ideas, compromiso y creatividad para promover una alimentaci\u00f3n m\u00e1s justa, sostenible y consciente. \u00a1Vuestra participaci\u00f3n ha sido el verdadero motor de este proyecto!<\/p>\n\n\n\n<div style=\"height:100px\" aria-hidden=\"true\" class=\"wp-block-spacer\"><\/div>\n\n\n\n<p class=\"has-large-font-size\"><strong>GANADORES POR CATEGOR\u00cdA<\/strong><\/p>\n\n\n\n<p class=\"has-medium-font-size\"><strong>AYUNTAMIENTOS<\/strong><br><strong>Ayuntamiento de Daroca de Rioja<\/strong><br><strong><em>Proyecto: Cursos de apicultura para la autosuficiencia alimentaria<\/em><\/strong><br><em>Formaci\u00f3n pr\u00e1ctica y comunitaria para fomentar la soberan\u00eda alimentaria local a trav\u00e9s de la apicultura.<\/em><\/p>\n\n\n\n<hr class=\"wp-block-separator has-alpha-channel-opacity\"\/>\n\n\n\n<p class=\"has-medium-font-size\"><strong>CENTROS FORMATIVOS<\/strong><br><strong>La Salle &#8211; La Estrella (San Asensio)<\/strong><br><strong><em>Proyecto: Un gran salto de 72 cm<\/em><\/strong><br><em>Una iniciativa educativa que promueve la agricultura sostenible mediante la implementaci\u00f3n de t\u00e9cnicas de permacultura y la distribuci\u00f3n de productos de kil\u00f3metro cero, fomentando as\u00ed la conexi\u00f3n entre el entorno rural y la formaci\u00f3n profesional agropecuaria.<\/em><\/p>\n\n\n\n<hr class=\"wp-block-separator has-alpha-channel-opacity\"\/>\n\n\n\n<p class=\"has-medium-font-size\"><strong>PARTICULARES<\/strong><br>&#8211; <strong>Vanesa Gonz\u00e1lez<\/strong> \u2013 IES Duques de N\u00e1jera (1\u00ba CFGS Diet\u00e9tica)<br><strong><em>Proyecto: Mesa informativa \u00abComer hoy, sobrevivir ma\u00f1ana\u00bb<\/em><\/strong><br><em>Acci\u00f3n de sensibilizaci\u00f3n dirigida a la ciudadan\u00eda sobre el impacto ambiental de nuestros h\u00e1bitos alimentarios.<\/em><\/p>\n\n\n\n<p class=\"has-medium-font-size\">&#8211; <strong>Carmen e \u00cd\u00f1igo Santolaya<\/strong> \u2013 Escolapios (1\u00ba ESO) e IES Comercio (4\u00ba ESO)<br><em><strong>Proyecto: Comida con conciencia<\/strong><\/em><br><em>Propuesta did\u00e1ctica que conecta la alimentaci\u00f3n con valores ambientales y sociales desde una mirada joven.<\/em><\/p>\n\n\n\n<p class=\"has-medium-font-size\">&#8211; <strong>Cintia Gil Sobr\u00f3n<\/strong><br><strong><em>Proyecto: Cultivos riojanos ante el cambio clim\u00e1tico<\/em><\/strong><br><em>Investigaci\u00f3n sobre c\u00f3mo el calentamiento global est\u00e1 afectando a los cultivos tradicionales de La Rioja.<\/em><\/p>\n\n\n\n<p class=\"has-medium-font-size\">&#8211; <strong>Menci\u00f3n destacada: Asier Ant\u00f3n<\/strong><br><strong><em>Proyecto: La cocina de aprovechamiento<\/em><\/strong><br><em>Ideas pr\u00e1cticas y sencillas para reducir el desperdicio de alimentos desde casa<\/em>.<\/p>\n\n\n\n<hr class=\"wp-block-separator has-alpha-channel-opacity\"\/>\n\n\n\n<p class=\"has-medium-font-size\"><strong>PREMIO ESPECIAL DEL JURADO<\/strong><br><strong>Ander Ojeda Tob\u00eda<\/strong> \u2013 IES Cosme Garc\u00eda (2\u00ba ESO, Logro\u00f1o)<br><strong><em>Proyecto: Eco-Friendly Meal Planner App \u2013 contra el despilfarro alimentario<\/em><\/strong><br><em>Una propuesta tecnol\u00f3gica que promueve una planificaci\u00f3n alimentaria m\u00e1s eficiente y sostenible mediante una app educativa.<\/em><\/p>\n\n\n\n<hr class=\"wp-block-separator has-alpha-channel-opacity\"\/>\n\n\n\n<p class=\"has-medium-font-size\"><strong> \u00a1RECONOCIMIENTO A TODOS LOS PARTICIPANTES!<\/strong><\/p>\n\n\n\n<p class=\"has-medium-font-size\"><strong>AYUNTAMIENTOS<br>Ayuntamiento de Manjarr\u00e9s \/ Asociaci\u00f3n Roblegordo<\/strong><br><strong><em>Proyecto: \u201cS\u00e9 ego\u00edsta, hazlo por ti. \u00a1Consume ecol\u00f3gico!\u201d<\/em><\/strong><\/p>\n\n\n\n<hr class=\"wp-block-separator has-alpha-channel-opacity\"\/>\n\n\n\n<p class=\"has-medium-font-size\"><strong>CENTROS FORMATIVOS<\/strong><br>&#8211; <strong>SIES Cervera del R\u00edo Alhama (2\u00ba ESO, Educaci\u00f3n Ambiental)<br><em>Proyecto: \u201cAqu\u00ed no se tira nada. La yaya manda\u201d<\/em><br><\/strong><br>&#8211; <strong>Colegio La Salle &#8211; El Pilar (Alfaro, 2\u00ba ESO)<br>Proyectos:<\/strong> <br><strong><em>Calculadora de Huella H\u00eddrica (Pedro Funes, Cristian L\u00e1zaro, \u00c1ngel Gal\u00e1n)<br>Recetario \u201cCocina con el huerto\u201d (Luis Carlos del Castillo, Lucas Lamata, Saad Bensaad)<\/em><\/strong><br><br><strong>&#8211; EOI El Fuero de Logro\u00f1o \u2013 Susana Lacuesta<\/strong><br><strong><em>Proyecto: Chicken Croquettes with Leftovers<\/em><\/strong><br><br><strong>&#8211; IES La Laboral<\/strong><br><strong><em>Prevenci\u00f3n de aminas biog\u00e9nicas \u2013 1\u00ba GS Vitivinicultura<br>Procesos bioqu\u00edmicos en la conservaci\u00f3n \/ La vinificaci\u00f3n ecol\u00f3gica \u2013 1\u00ba GS Vitivinicultura<br>Alimentos de kil\u00f3metro cero: Olivos y aceite de oliva \u2013 Grado Medio (MAO1)<br>Alimentos de kil\u00f3metro cero: Esp\u00e1rragos \u2013 Grado Superior Nocturno (SVN2)<\/em><\/strong><\/p>\n\n\n\n<hr class=\"wp-block-separator has-alpha-channel-opacity\"\/>\n\n\n\n<p class=\"has-medium-font-size\"><strong>PARTICULARES<\/strong><br>\u2022<strong> I\u00f1igo Crespo<\/strong> \u2013 Proyecto: RECOVECO<br>\u2022 <strong>Ariadna S\u00e1ez Venego<\/strong> \u2013 CEIP Gregoria Artacho (6\u00ba Primaria) \u2013 Proyecto: \u201cNo tiene sentido\u201d<br>\u2022 <strong>Marta Garc\u00eda Alam\u00e1n<\/strong> \u2013 EOI \u201cEl Fuero de Logro\u00f1o\u201d \u2013 Proyecto: \u201cHeroes against waste\u201d<br>\u2022 <strong>Luc\u00eda Madinabeitia Santa<\/strong> \u2013 IES La Laboral (2\u00ba Vitivinicultura) \u2013 Proyecto: KM0 \u2013 La importancia de consumir productos locales y de temporada<br>\u2022 <strong>Cristina Gumie<\/strong>l \u2013 Fundaci\u00f3n C\u00e1ritas Chavicar \u2013 Proyecto: Industria alimentaria y aguas residuales<br>\u2022 <strong>Mar\u00eda<\/strong> \u2013 Asociaci\u00f3n Exalumnos Universidad de la Experiencia \u2013 Proyecto: Cartel \u201cLo que comes tambi\u00e9n cambia el planeta\u201d<br>\u2022 <strong>Mikel Garc\u00eda Urquidi <\/strong>\u2013 Concejal PSOE-Haro \u2013 Proyecto: BIO-COMARCA. Econom\u00eda circular en el sector primario<\/p>\n\n\n\n<p class=\"has-medium-font-size\"><\/p>\n\n\n\n<div style=\"height:100px\" aria-hidden=\"true\" class=\"wp-block-spacer\"><\/div>\n\n\n\n<p class=\"has-medium-font-size\"><strong>MIEMBROS DEL JURADO<\/strong><br><strong>\u2022 Roberto Lozano Mazagatos<\/strong><br>Presidente de la Fundaci\u00f3n Ox\u00edgeno, dedicada a la educaci\u00f3n ambiental y la sostenibilidad.<br><strong>\u2022 Jos\u00e9 Esquinas Alc\u00e1zar<\/strong><br>Doctor ingeniero agr\u00f3nomo y doctor en Gen\u00e9tica, con m\u00e1s de 30 a\u00f1os de experiencia en la FAO, donde presidi\u00f3 el Comit\u00e9 de \u00c9tica.<br><strong>\u2022 Jos\u00e9 Mar\u00eda Santos Rodr\u00edguez<\/strong><br>Ingeniero T\u00e9cnico Agr\u00edcola, promotor de la plataforma DespilfarroAlimentario.org, enfocada en la reducci\u00f3n del desperdicio alimentario. cope.es+4alternativaseconomicas.coop+4facebook.com+4<br><strong>\u2022 Luis Antonio Marcos Naveira<\/strong><br>Doctor en Ciencias Qu\u00edmicas, profesor de Qu\u00edmica en la Universidad de Burgos y Director de UBUVerde, la Oficina Verde de la UBU, centrada en sostenibilidad y medio ambiente.<br><strong>\u2022 Sof\u00eda Santos Fern\u00e1ndez<\/strong><br>T\u00e9cnico Superior en Gesti\u00f3n Forestal y del Medio Natural, estudiante de Ciencias Ambientales en la Universidad de Salamanca.<\/p>\n\n\n\n<div style=\"height:100px\" aria-hidden=\"true\" class=\"wp-block-spacer\"><\/div>\n\n\n\n<p class=\"has-text-align-center has-large-font-size\"><strong><em>\u00a1Enhorabuena a todos los ganadores y participantes!<\/em><\/strong><\/p>\n\n\n\n<p class=\"has-text-align-center has-large-font-size\">Os esperamos a los ganadores el <\/p>\n\n\n\n<p class=\"has-text-align-center has-large-font-size\"><strong>s\u00e1bado 7 de junio en el restaurante Venta Moncalvillo <\/strong><\/p>\n\n\n\n<p class=\"has-text-align-center has-large-font-size\"><strong>(Daroca de Rioja)<\/strong>,<\/p>\n\n\n\n<p class=\"has-text-align-center has-large-font-size\">donde tendr\u00e1 lugar la <strong>entrega de premios<\/strong> y un encuentro para compartir experiencias y propuestas en torno a la cultura alimentaria.<\/p>\n\n\n\n<div style=\"height:100px\" aria-hidden=\"true\" class=\"wp-block-spacer\"><\/div>\n\n\n\n<p class=\"has-large-font-size\"><strong>BASES DEL CONCURSO:<\/strong><\/p>\n\n\n\n<p class=\"has-large-font-size\"><strong>\u00abEl coste ambiental de lo que comemos\u00bb<\/strong><\/p>\n\n\n\n<p class=\"has-medium-font-size\"><strong>\u00abC\u00d3MO LA PRODUCCI\u00d3N DE ALIMENTOS Y NUESTROS H\u00c1BITOS DE CONSUMO AFECTAN AL MEDIO AMBIENTE\u00bb<\/strong><\/p>\n\n\n\n<p class=\"has-medium-font-size\"><strong>1.- OBJETO DEL CONCURSO<\/strong><\/p>\n\n\n\n<p class=\"has-medium-font-size\">La presente convocatoria tiene como finalidad sensibilizar a la ciudadan\u00eda sobre el impacto ambiental derivado de la producci\u00f3n de alimentos y los h\u00e1bitos de consumo. Esta iniciativa se enmarca en la campa\u00f1a \u00abEl coste ambiental de lo que comemos\u00bb, promovida por Cultura Alimentaria. Se invita a la participaci\u00f3n activa de centros educativos, ayuntamientos y particulares en la reflexi\u00f3n y creaci\u00f3n de propuestas que aborden esta tem\u00e1tica.<\/p>\n\n\n\n<p class=\"has-medium-font-size\"><strong>2.- CATEGOR\u00cdAS DE PARTICIPACI\u00d3N<\/strong><\/p>\n\n\n\n<p class=\"has-medium-font-size\">El concurso se organiza en tres categor\u00edas diferenciadas:<br><strong>&#8211; Centros Educativos: <\/strong>Dirigido a estudiantes de Educaci\u00f3n Primaria, Secundaria, formaci\u00f3n Profesional y Universidad que presenten trabajos en representaci\u00f3n de su centro educativo.<br><strong>&#8211; Ayuntamientos:<\/strong> Abierto a trabajos\/actividades impulsadas por la administraci\u00f3n local, asociaciones o grupos de ciudadanos del municipio.<br><strong>&#8211; Particulares:<\/strong> Destinado a familias, j\u00f3venes o cualquier ciudadano interesado en la tem\u00e1tica propuesta.<\/p>\n\n\n\n<p class=\"has-medium-font-size\"><strong>3.- TEM\u00c1TICA<\/strong><\/p>\n\n\n\n<p class=\"has-medium-font-size\">La alimentaci\u00f3n es mucho m\u00e1s que lo que ponemos en el plato. Es tierra, agua, energ\u00eda, residuos, transporte, cultura y decisiones. Por eso, te invitamos a explorar c\u00f3mo nuestras elecciones alimentarias afectan al medio ambiente, y c\u00f3mo podemos construir alternativas m\u00e1s sostenibles desde lo cotidiano.<br>Los trabajos presentados deber\u00e1n abordar aspectos relacionados con el impacto ambiental de la producci\u00f3n de alimentos y los h\u00e1bitos de consumo, incluyendo, pero no limit\u00e1ndose a:<\/p>\n\n\n\n<p class=\"has-medium-font-size\"><strong> A) Huella ecol\u00f3gica de los alimentos<\/strong><br>Investiga cu\u00e1nto contamina lo que comemos: \u00bfSab\u00edas que un kilo de ternera genera 60 kg de CO\u2082 y necesita m\u00e1s de 15.000 litros de agua? \u00bfO que los aguacates pueden recorrer m\u00e1s de 8.000 km antes de llegar a tu mesa?<br><strong>Ejemplos de propuesta:<\/strong><br>&#8211; Calcular a trav\u00e9s de una app o herramienta el impacto ambiental del men\u00fa escolar, de tu familia\u2026<br>&#8211; Un cartel comparando la huella h\u00eddrica de distintos alimentos.<br>&#8211; Un v\u00eddeo explicando c\u00f3mo reducir tu huella alimentaria en casa.<\/p>\n\n\n\n<p class=\"has-medium-font-size\"><strong>B) Sistemas alimentarios locales y sostenibles<\/strong><br>\u00bfQu\u00e9 pasa si apostamos por lo cercano y lo de temporada? Consumir productos locales, de huertas ecol\u00f3gicas, cooperativas o mercados de proximidad reduce emisiones, apoya a peque\u00f1os productores y fortalece el tejido social.<br><strong>Ejemplos de propuesta:<\/strong><br>&#8211; Proyecto municipal para incorporar alimentos sostenibles en comedores p\u00fablicos.<br>&#8211; Mapa de productores locales de tu ayuntamiento o barrio.<br>&#8211; Entrevista a un agricultor ecol\u00f3gico o a un grupo de consumo.<br>&#8211; Una actividad escolar de cocina con ingredientes de kil\u00f3metro cero.<\/p>\n\n\n\n<p class=\"has-medium-font-size\"><strong>C) Desperdicio alimentario<\/strong><br>Un tercio de los alimentos que se producen en el mundo acaban en la basura. Eso supone un despilfarro inmenso de recursos naturales. \u00bfQu\u00e9 podemos hacer para evitarlo en casa, en tu entidad educativa, ayuntamiento, en el mercado o en la calle?<br><strong>Ejemplos de propuesta:<\/strong><br>&#8211; Propuesta para instalar una \u201cdespensa solidaria\u201d municipal.<br>&#8211; Campa\u00f1a creativa de sensibilizaci\u00f3n en redes o en tu colegio.<br>&#8211; Recetario de cocina de aprovechamiento hecho por familias.<br>&#8211; Taller con abuelos y nietos sobre c\u00f3mo conservar y reutilizar alimentos.<\/p>\n\n\n\n<p class=\"has-medium-font-size\"><strong>D) Econom\u00eda circular en la alimentaci\u00f3n<\/strong><br>En lugar de tirar, podemos cerrar los ciclos: compostaje, reutilizaci\u00f3n de envases, uso de excedentes para nuevos productos, redes de trueque\u2026<br>La alimentaci\u00f3n tambi\u00e9n puede ser circular.<br><strong>Ejemplos de propuesta:<\/strong><br>&#8211; Propuesta para un mercadillo de intercambio de alimentos no perecederos.<br>&#8211; Proyecto escolar de compostaje con restos del comedor.<br>&#8211; Tutorial para hacer bolsas reutilizables con camisetas viejas.<br>&#8211; Iniciativa ciudadana para transformar fruta \u00abfeucha\u00bb en mermeladas.<\/p>\n\n\n\n<p class=\"has-medium-font-size\"><strong> E) Otros enfoques posibles<\/strong><br>El tema es amplio, y tambi\u00e9n puedes abordar cuestiones como:<br>&#8211; Soberan\u00eda alimentaria y resiliencia local<br>&#8211; Alimentaci\u00f3n y cambio clim\u00e1tico<br>&#8211; Justicia alimentaria y derecho a una dieta saludable<br>&#8211; Influencia de la publicidad y el marketing en el consumo<br>&#8211; Alimentaci\u00f3n en contextos de crisis o emergencia clim\u00e1tica<\/p>\n\n\n\n<p class=\"has-medium-font-size\"><strong><em>Cualquier participante podr\u00e1 presentar un n\u00famero ilimitado de trabajos aunque s\u00f3lo podr\u00e1 optar a un \u00fanico premio.<\/em><\/strong><\/p>\n\n\n\n<p class=\"has-medium-font-size\"><strong>4.- REQUISITOS DE PARTICIPACI\u00d3N<\/strong><\/p>\n\n\n\n<p class=\"has-medium-font-size\"><strong>&#8211; Formato:<\/strong> Todos los trabajos deben enviarse en formato electr\u00f3nico, aunque se hayan realizado de forma f\u00edsica o presencial. Si tu propuesta es una actividad, mural, cartel o acci\u00f3n que no se puede enviar directamente, no te preocupes: puedes documentarla.<br><strong>&#8211; Originalidad: <\/strong>Los trabajos deben ser originales y no haber sido premiados en otros concursos.<br><strong>&#8211; Desarrollo: <\/strong>Podr\u00e1n presentarse trabajos o actividades tanto actuales como los que se hayan realizado durante el presente a\u00f1o 2025. <br><strong>&#8211; Env\u00edo: <\/strong>Por correo electr\u00f3nico a participa@culturaalimentaria.org. Si los archivos fueran demasiado grandes deber\u00e1n compartirse mediante Google Drive, Dropbox, WeTransfer u otra plataforma, enviando el enlace de descarga.<\/p>\n\n\n\n<p class=\"has-medium-font-size\"><strong>\u00bfC\u00f3mo presentar tu trabajo?<\/strong><br><strong>A)<\/strong> Si tu trabajo es un mural, cartel, maqueta o instalaci\u00f3n f\u00edsica: Si es necesario, a\u00f1ade una breve explicaci\u00f3n (m\u00e1x. 1 p\u00e1gina) sobre el contexto o motivaci\u00f3n. Haz fotos de buena calidad donde se vea el contenido completo y algunos detalles. Incluye una peque\u00f1a descripci\u00f3n escrita (una hoja o un archivo explicando qu\u00e9 has hecho, c\u00f3mo, con qui\u00e9n y por qu\u00e9). Si puedes, graba un peque\u00f1o v\u00eddeo mostrando el proceso o explicando la idea con tu voz.<br><strong>B) <\/strong>Si tu trabajo es una acci\u00f3n (taller, actividad grupal, campa\u00f1a local): Puedes enviar un v\u00eddeo resumen (m\u00e1x. 3 minutos). O un dossier en PDF con fotos, testimonios y una breve memoria explicativa. Tambi\u00e9n puedes incluir enlaces a publicaciones en redes si la actividad fue compartida online<br><strong>C)<\/strong> Si es un trabajo digital desde el principio (v\u00eddeo, cartel digital, presentaci\u00f3n, relato, infograf\u00eda, etc.): Simplemente env\u00edalo en formato PDF, MP4, PPT o JPG, seg\u00fan el caso. Aseg\u00farate de que se puede ver, leer o escuchar correctamente.<\/p>\n\n\n\n<p class=\"has-medium-font-size\"><strong>5.- PLAZOS<\/strong><\/p>\n\n\n\n<p class=\"has-medium-font-size\">Realizaci\u00f3n y Recepci\u00f3n de trabajos: Desde la publicaci\u00f3n del concurso <strong>hasta el jueves 29 de mayo de 2025<\/strong>.<br>Fallo del jurado y comunicaci\u00f3n de los resultados a los participantes: Los resultados ser\u00e1n publicados y comunicados a los premiados el martes 3 de junio. Los resultados ser\u00e1n anunciados p\u00fablicamente en: <strong><a href=\"https:\/\/culturaalimentaria.org\/2024\/\" target=\"_blank\" rel=\"noreferrer noopener\">www.culturaalimentaria.org<\/a><\/strong> y en <a href=\"https:\/\/www.fundacionoxigeno.org\/\" target=\"_blank\" rel=\"noreferrer noopener\"><strong>www.fundacionoxigeno.org<\/strong><\/a> y sus redes sociales.<\/p>\n\n\n\n<p class=\"has-medium-font-size\"><strong>6.- VALORACI\u00d3N<\/strong><\/p>\n\n\n\n<p class=\"has-medium-font-size\">La valoraci\u00f3n de las propuestas se realizar\u00e1 mediante un jurado creado para este fin. Este jurado estar\u00e1 compuesto por un grupo de profesionales de los campos del medio ambiente, la sostenibilidad, o cualquier otro sector relacionado con el contenido del concurso.<br>Se evaluar\u00e1n los trabajos seg\u00fan los siguientes criterios:<br>&#8211; Adecuaci\u00f3n a la tem\u00e1tica del concurso.<br>&#8211; Originalidad y creatividad.<br>&#8211; Calidad y claridad en la presentaci\u00f3n.<\/p>\n\n\n\n<p class=\"has-medium-font-size\"><strong>7.- PREMIOS<\/strong><\/p>\n\n\n\n<p class=\"has-medium-font-size\"><strong>A) Centros Educativos y Ayuntamientos:  <\/strong><\/p>\n\n\n\n<ul class=\"wp-block-list\">\n<li class=\"has-medium-font-size\"><strong>LOTE DE 4 LIBROS<\/strong> para la biblioteca del centro o entidad:<br>\u00b7 <strong>\u201cRUMBO AL ECOCIDIO\u201d de Jos\u00e9 Esquinas.<\/strong><br>\u00b7 <strong>\u201cCONSUMIR ES UN ACTO POL\u00cdTICO\u201d de Carro de Combate<\/strong> <strong>(Nazaret Castro\/Laura Villadiego).<\/strong><br>\u00b7 <strong>\u201cAL BORDE DE UN ATAQUE DE COMPRAS\u201d de Brenda Ch\u00e1vez.<\/strong><br>\u00b7 <strong>\u201cTOMA DE TIERRA\u201d de Yayo Herrero.<\/strong><\/li>\n<\/ul>\n\n\n\n<p><\/p>\n\n\n\n<figure class=\"wp-block-image size-full is-resized\"><img loading=\"lazy\" decoding=\"async\" width=\"1171\" height=\"419\" src=\"https:\/\/culturaalimentaria.org\/2024\/wp-content\/uploads\/2025\/05\/4-LIBROS.jpg\" alt=\"\" class=\"wp-image-1840\" style=\"width:1020px;height:auto\" srcset=\"https:\/\/culturaalimentaria.org\/2024\/wp-content\/uploads\/2025\/05\/4-LIBROS.jpg 1171w, https:\/\/culturaalimentaria.org\/2024\/wp-content\/uploads\/2025\/05\/4-LIBROS-300x107.jpg 300w, https:\/\/culturaalimentaria.org\/2024\/wp-content\/uploads\/2025\/05\/4-LIBROS-1024x366.jpg 1024w, https:\/\/culturaalimentaria.org\/2024\/wp-content\/uploads\/2025\/05\/4-LIBROS-768x275.jpg 768w\" sizes=\"auto, (max-width: 1171px) 100vw, 1171px\" \/><\/figure>\n\n\n\n<hr class=\"wp-block-separator has-alpha-channel-opacity\"\/>\n\n\n\n<ul class=\"wp-block-list\">\n<li class=\"has-medium-font-size\"><strong>Visita para 5 personas a la Venta Moncalvillo<\/strong>: incluyendo: <strong>Recorrido guiado por la huerta<\/strong>, banco de semillas y la granja en preparaci\u00f3n. Nos dar\u00e1n detalles de su forma de trabajar contra el desperdicio alimentario como aplican la econom\u00eda circular y la sostenibilidad. Adem\u00e1s habr\u00e1 un <strong>peque\u00f1o aperitivo al finalizar la visita y se entregar\u00e1n diplomas<\/strong> para el resto de los participantes.<\/li>\n<\/ul>\n\n\n\n<p><\/p>\n\n\n\n<figure class=\"wp-block-image size-large\"><img loading=\"lazy\" decoding=\"async\" width=\"1024\" height=\"576\" src=\"https:\/\/culturaalimentaria.org\/2024\/wp-content\/uploads\/2025\/05\/carlos-ignacio-echapresto-venta-moncalvillo-1024x576.jpg\" alt=\"\" class=\"wp-image-1841\" srcset=\"https:\/\/culturaalimentaria.org\/2024\/wp-content\/uploads\/2025\/05\/carlos-ignacio-echapresto-venta-moncalvillo-1024x576.jpg 1024w, https:\/\/culturaalimentaria.org\/2024\/wp-content\/uploads\/2025\/05\/carlos-ignacio-echapresto-venta-moncalvillo-300x169.jpg 300w, https:\/\/culturaalimentaria.org\/2024\/wp-content\/uploads\/2025\/05\/carlos-ignacio-echapresto-venta-moncalvillo-768x432.jpg 768w, https:\/\/culturaalimentaria.org\/2024\/wp-content\/uploads\/2025\/05\/carlos-ignacio-echapresto-venta-moncalvillo.jpg 1400w\" sizes=\"auto, (max-width: 1024px) 100vw, 1024px\" \/><\/figure>\n\n\n\n<hr class=\"wp-block-separator has-alpha-channel-opacity\"\/>\n\n\n\n<p class=\"has-medium-font-size\"><strong>B) Particulares:<\/strong> Se seleccionar\u00e1n 4 finalistas. El premio consistir\u00e1 en:<\/p>\n\n\n\n<ul class=\"wp-block-list\">\n<li class=\"has-medium-font-size\"><strong>Una comida para dos personas<\/strong> (el\/la finalista y un acompa\u00f1ante) en el <strong>restaurante de la Escuela de Hosteler\u00eda de Santo Domingo<\/strong>. Esta invitaci\u00f3n podr\u00e1 disfrutarse en un plazo m\u00e1ximo de dos meses desde la comunicaci\u00f3n del premio.<\/li>\n\n\n\n<li class=\"has-medium-font-size\"><strong>Un libro<\/strong> a elegir entre los t\u00edtulos mencionados anteriormente.<\/li>\n\n\n\n<li class=\"has-medium-font-size\"><strong>Una visita a la Venta Moncalvillo <\/strong>para el\/la finalista junto a un acompa\u00f1ante.<\/li>\n<\/ul>\n\n\n\n<p><\/p>\n\n\n\n<figure class=\"wp-block-image size-large\"><img loading=\"lazy\" decoding=\"async\" width=\"1024\" height=\"576\" src=\"https:\/\/culturaalimentaria.org\/2024\/wp-content\/uploads\/2025\/05\/Escuela-Hosteleria-Santo-Domingo-1024x576.jpg\" alt=\"\" class=\"wp-image-1842\" srcset=\"https:\/\/culturaalimentaria.org\/2024\/wp-content\/uploads\/2025\/05\/Escuela-Hosteleria-Santo-Domingo-1024x576.jpg 1024w, https:\/\/culturaalimentaria.org\/2024\/wp-content\/uploads\/2025\/05\/Escuela-Hosteleria-Santo-Domingo-300x169.jpg 300w, https:\/\/culturaalimentaria.org\/2024\/wp-content\/uploads\/2025\/05\/Escuela-Hosteleria-Santo-Domingo-768x432.jpg 768w, https:\/\/culturaalimentaria.org\/2024\/wp-content\/uploads\/2025\/05\/Escuela-Hosteleria-Santo-Domingo.jpg 1200w\" sizes=\"auto, (max-width: 1024px) 100vw, 1024px\" \/><\/figure>\n\n\n\n<hr class=\"wp-block-separator has-alpha-channel-opacity\"\/>\n\n\n\n<p class=\"has-medium-font-size\"><strong>8.- ENTREGA DE PREMIOS<\/strong><\/p>\n\n\n\n<p class=\"has-medium-font-size\">La entrega de premios se realizar\u00e1 en un<strong> acto en la Venta Moncalvillo el s\u00e1bado 7 de junio.<\/strong> En ese mismo acto se llevar\u00e1 a cabo la visita a los premiados.<\/p>\n\n\n\n<p class=\"has-medium-font-size\"><strong>9.- Derechos de Uso<\/strong><\/p>\n\n\n\n<p class=\"has-medium-font-size\">La participaci\u00f3n en el concurso implica la cesi\u00f3n no exclusiva de derechos de reproducci\u00f3n y difusi\u00f3n de los trabajos para fines educativos, divulgativos y promocionales por parte de la organizaci\u00f3n, citando siempre al autor\/a de la misma, y a la entidad al que pertenece.<\/p>\n\n\n\n<p class=\"has-medium-font-size\"><strong>10.- Condiciones generales<\/strong><\/p>\n\n\n\n<p class=\"has-medium-font-size\">Los datos personales de contacto de las personas participantes y ganadoras ser\u00e1n tratados con la m\u00e1xima confidencialidad y de conformidad con las disposiciones de las leyes de protecci\u00f3n de datos personales. Los\/as participantes aceptan la publicaci\u00f3n de su nombre y el proyecto premiado as\u00ed como de las im\u00e1genes tomadas en la entrega de premios.<\/p>\n\n\n\n<p class=\"has-medium-font-size\"><strong>11.- CONTACTO<\/strong><\/p>\n\n\n\n<p class=\"has-medium-font-size\">Para consultas, puedes escribir a: <strong><a href=\"mailto:participa@culturaalimentaria.org\">participa@culturaalimentaria.org<\/a><\/strong><br>Tambi\u00e9n puedes seguir las novedades en: <a href=\"https:\/\/culturaalimentaria.org\/2024\/\" target=\"_blank\" rel=\"noreferrer noopener\"><strong>www.culturaalimentaria.org<\/strong><\/a><\/p>\n\n\n\n<p class=\"has-medium-font-size\"><\/p>\n\n\n\n<div style=\"height:100px\" aria-hidden=\"true\" class=\"wp-block-spacer\"><\/div>\n\n\n\n<p class=\"has-medium-font-size\"><\/p>\n\n\n\n<figure class=\"wp-block-image size-large\"><img loading=\"lazy\" decoding=\"async\" width=\"1024\" height=\"226\" src=\"https:\/\/culturaalimentaria.org\/2024\/wp-content\/uploads\/2025\/05\/LOGOS-COLABORADORES-1-1024x226.webp\" alt=\"\" class=\"wp-image-1871\" srcset=\"https:\/\/culturaalimentaria.org\/2024\/wp-content\/uploads\/2025\/05\/LOGOS-COLABORADORES-1-1024x226.webp 1024w, https:\/\/culturaalimentaria.org\/2024\/wp-content\/uploads\/2025\/05\/LOGOS-COLABORADORES-1-300x66.webp 300w, https:\/\/culturaalimentaria.org\/2024\/wp-content\/uploads\/2025\/05\/LOGOS-COLABORADORES-1-768x169.webp 768w, https:\/\/culturaalimentaria.org\/2024\/wp-content\/uploads\/2025\/05\/LOGOS-COLABORADORES-1-1536x338.webp 1536w, https:\/\/culturaalimentaria.org\/2024\/wp-content\/uploads\/2025\/05\/LOGOS-COLABORADORES-1.webp 1797w\" sizes=\"auto, (max-width: 1024px) 100vw, 1024px\" \/><\/figure>\n\n\n\n<p><\/p>\n","protected":false},"excerpt":{"rendered":"<p>\u00abEl coste ambiental de lo que comemos\u00bb \u00abC\u00d3MO LA PRODUCCI\u00d3N DE ALIMENTOS Y NUESTROS H\u00c1BITOS DE CONSUMO AFECTAN AL MEDIO AMBIENTE\u00bb Tras una participaci\u00f3n entusiasta<\/p>\n","protected":false},"author":1,"featured_media":0,"parent":0,"menu_order":0,"comment_status":"closed","ping_status":"closed","template":"","meta":{"footnotes":""},"class_list":["post-1823","page","type-page","status-publish","hentry"],"_links":{"self":[{"href":"https:\/\/culturaalimentaria.org\/2024\/wp-json\/wp\/v2\/pages\/1823","targetHints":{"allow":["GET"]}}],"collection":[{"href":"https:\/\/culturaalimentaria.org\/2024\/wp-json\/wp\/v2\/pages"}],"about":[{"href":"https:\/\/culturaalimentaria.org\/2024\/wp-json\/wp\/v2\/types\/page"}],"author":[{"embeddable":true,"href":"https:\/\/culturaalimentaria.org\/2024\/wp-json\/wp\/v2\/users\/1"}],"replies":[{"embeddable":true,"href":"https:\/\/culturaalimentaria.org\/2024\/wp-json\/wp\/v2\/comments?post=1823"}],"version-history":[{"count":21,"href":"https:\/\/culturaalimentaria.org\/2024\/wp-json\/wp\/v2\/pages\/1823\/revisions"}],"predecessor-version":[{"id":1888,"href":"https:\/\/culturaalimentaria.org\/2024\/wp-json\/wp\/v2\/pages\/1823\/revisions\/1888"}],"wp:attachment":[{"href":"https:\/\/culturaalimentaria.org\/2024\/wp-json\/wp\/v2\/media?parent=1823"}],"curies":[{"name":"wp","href":"https:\/\/api.w.org\/{rel}","templated":true}]}}