{"id":51,"date":"2015-07-20T10:47:34","date_gmt":"2015-07-20T10:47:34","guid":{"rendered":"http:\/\/demo.themegrill.com\/himalayas-pro\/?page_id=51"},"modified":"2024-10-11T18:35:16","modified_gmt":"2024-10-11T16:35:16","slug":"proyecciones","status":"publish","type":"page","link":"https:\/\/culturaalimentaria.org\/2024\/proyecciones\/","title":{"rendered":"Proyecciones"},"content":{"rendered":"\n<p class=\"has-medium-font-size\">Documentales propuestos para su emisi\u00f3n durante la Campa\u00f1a de concienciaci\u00f3n y sensibilizaci\u00f3n en educaci\u00f3n ambiental:<\/p>\n\n\n\n<p class=\"has-medium-font-size\"><strong>\u00abEl coste ambiental de lo que comemos.<br>C\u00f3mo la producci\u00f3n de alimentos y nuestros h\u00e1bitos de consumo afectan al medioambiente.\u00bb<\/strong><\/p>\n\n\n\n<div class=\"wp-block-columns is-layout-flex wp-container-core-columns-is-layout-9d6595d7 wp-block-columns-is-layout-flex\">\n<div class=\"wp-block-column is-layout-flow wp-block-column-is-layout-flow\">\n<figure class=\"wp-block-image size-full is-resized\"><a href=\"https:\/\/culturaalimentaria.org\/2024\/ganado-o-desierto\/\" target=\"_blank\" rel=\"noreferrer noopener\"><img loading=\"lazy\" decoding=\"async\" width=\"425\" height=\"638\" src=\"https:\/\/culturaalimentaria.org\/2024\/wp-content\/uploads\/2024\/10\/Ganado-o-desierto.webp\" alt=\"\" class=\"wp-image-1223\" style=\"width:250px\" srcset=\"https:\/\/culturaalimentaria.org\/2024\/wp-content\/uploads\/2024\/10\/Ganado-o-desierto.webp 425w, https:\/\/culturaalimentaria.org\/2024\/wp-content\/uploads\/2024\/10\/Ganado-o-desierto-200x300.webp 200w\" sizes=\"auto, (max-width: 425px) 100vw, 425px\" \/><\/a><\/figure>\n\n\n\n<p class=\"has-medium-font-size\"><strong><a href=\"https:\/\/culturaalimentaria.org\/2024\/ganado-o-desierto\/\" target=\"_blank\" rel=\"noreferrer noopener\">GANADO O DESIERTO<\/a><\/strong><br>Director: Francisco Vaquero<br>A\u00f1o: 2023<br>Duraci\u00f3n: 84min<\/p>\n<\/div>\n\n\n\n<div class=\"wp-block-column is-layout-flow wp-block-column-is-layout-flow\">\n<figure class=\"wp-block-image size-full is-resized\"><a href=\"https:\/\/culturaalimentaria.org\/2024\/el-precio-del-progreso\/\" target=\"_blank\" rel=\"noreferrer noopener\"><img loading=\"lazy\" decoding=\"async\" width=\"425\" height=\"638\" src=\"https:\/\/culturaalimentaria.org\/2024\/wp-content\/uploads\/2024\/10\/El-precio-del-progreso-1.webp\" alt=\"\" class=\"wp-image-1353\" style=\"width:250px\" srcset=\"https:\/\/culturaalimentaria.org\/2024\/wp-content\/uploads\/2024\/10\/El-precio-del-progreso-1.webp 425w, https:\/\/culturaalimentaria.org\/2024\/wp-content\/uploads\/2024\/10\/El-precio-del-progreso-1-200x300.webp 200w\" sizes=\"auto, (max-width: 425px) 100vw, 425px\" \/><\/a><\/figure>\n\n\n\n<p class=\"has-medium-font-size\"><strong><a href=\"https:\/\/culturaalimentaria.org\/2024\/el-precio-del-progreso\/\" target=\"_blank\" rel=\"noreferrer noopener\">EL PRECIO DEL PROGRESO<\/a><\/strong><br>Director: V\u00edctor Luengo<br>A\u00f1o: 2020<br>Duraci\u00f3n: 79min<\/p>\n<\/div>\n<\/div>\n\n\n\n<p><\/p>\n\n\n\n<div class=\"wp-block-columns is-layout-flex wp-container-core-columns-is-layout-9d6595d7 wp-block-columns-is-layout-flex\">\n<div class=\"wp-block-column is-layout-flow wp-block-column-is-layout-flow\">\n<figure class=\"wp-block-image size-full is-resized\"><a href=\"https:\/\/culturaalimentaria.org\/2024\/tus-desperdicios-y-otros-manjares\/\" target=\"_blank\" rel=\"noreferrer noopener\"><img loading=\"lazy\" decoding=\"async\" width=\"425\" height=\"638\" src=\"https:\/\/culturaalimentaria.org\/2024\/wp-content\/uploads\/2024\/10\/Tus-desperdicios-y-otros-manjares.webp\" alt=\"\" class=\"wp-image-1232\" style=\"width:250px\" srcset=\"https:\/\/culturaalimentaria.org\/2024\/wp-content\/uploads\/2024\/10\/Tus-desperdicios-y-otros-manjares.webp 425w, https:\/\/culturaalimentaria.org\/2024\/wp-content\/uploads\/2024\/10\/Tus-desperdicios-y-otros-manjares-200x300.webp 200w\" sizes=\"auto, (max-width: 425px) 100vw, 425px\" \/><\/a><\/figure>\n\n\n\n<p class=\"has-medium-font-size\"><strong><a href=\"https:\/\/culturaalimentaria.org\/2024\/tus-desperdicios-y-otros-manjares\/\" target=\"_blank\" rel=\"noreferrer noopener\">TUS DESPERDICIOS Y OTROS MANJARES<\/a><\/strong><br>Directores: Richard Zubelzu y Magda Calabrese<br>A\u00f1o: 2018<br>Duraci\u00f3n: 73min<\/p>\n<\/div>\n\n\n\n<div class=\"wp-block-column is-layout-flow wp-block-column-is-layout-flow\">\n<figure class=\"wp-block-image size-full is-resized\"><a href=\"https:\/\/culturaalimentaria.org\/2024\/rebeldia-rural\/\" target=\"_blank\" rel=\"noreferrer noopener\"><img loading=\"lazy\" decoding=\"async\" width=\"425\" height=\"638\" src=\"https:\/\/culturaalimentaria.org\/2024\/wp-content\/uploads\/2024\/10\/REBELDIA-RURAL.webp\" alt=\"\" class=\"wp-image-1230\" style=\"width:250px;height:auto\" srcset=\"https:\/\/culturaalimentaria.org\/2024\/wp-content\/uploads\/2024\/10\/REBELDIA-RURAL.webp 425w, https:\/\/culturaalimentaria.org\/2024\/wp-content\/uploads\/2024\/10\/REBELDIA-RURAL-200x300.webp 200w\" sizes=\"auto, (max-width: 425px) 100vw, 425px\" \/><\/a><\/figure>\n\n\n\n<p class=\"has-medium-font-size\"><strong><a href=\"https:\/\/culturaalimentaria.org\/2024\/rebeldia-rural\/\" target=\"_blank\" rel=\"noreferrer noopener\">REBELD\u00cdA RURAL<\/a><\/strong><br>Directora: Susan Labich<br>A\u00f1o: 2021<br>Duraci\u00f3n: 37min<\/p>\n<\/div>\n<\/div>\n\n\n\n<p><\/p>\n\n\n\n<div class=\"wp-block-columns is-layout-flex wp-container-core-columns-is-layout-9d6595d7 wp-block-columns-is-layout-flex\">\n<div class=\"wp-block-column is-layout-flow wp-block-column-is-layout-flow\">\n<figure class=\"wp-block-image size-full is-resized\"><a href=\"https:\/\/culturaalimentaria.org\/2024\/revivir-el-campo\/\" target=\"_blank\" rel=\"noreferrer noopener\"><img loading=\"lazy\" decoding=\"async\" width=\"425\" height=\"638\" src=\"https:\/\/culturaalimentaria.org\/2024\/wp-content\/uploads\/2024\/10\/revivir-el-campo-2.webp\" alt=\"\" class=\"wp-image-1284\" style=\"width:250px\" srcset=\"https:\/\/culturaalimentaria.org\/2024\/wp-content\/uploads\/2024\/10\/revivir-el-campo-2.webp 425w, https:\/\/culturaalimentaria.org\/2024\/wp-content\/uploads\/2024\/10\/revivir-el-campo-2-200x300.webp 200w\" sizes=\"auto, (max-width: 425px) 100vw, 425px\" \/><\/a><\/figure>\n\n\n\n<p class=\"has-medium-font-size\"><strong><a href=\"https:\/\/culturaalimentaria.org\/2024\/revivir-el-campo\/\" target=\"_blank\" rel=\"noreferrer noopener\">REVIVIR EL CAMPO<\/a><\/strong><br>Director: Diego Garc\u00eda Vega<br>A\u00f1o: 2024<br>Duraci\u00f3n: 25min<\/p>\n<\/div>\n\n\n\n<div class=\"wp-block-column is-layout-flow wp-block-column-is-layout-flow\">\n<figure class=\"wp-block-image size-full is-resized\"><a href=\"https:\/\/culturaalimentaria.org\/2024\/la-cesta-comemos-lo-que-compramos\/\" target=\"_blank\" rel=\"noreferrer noopener\"><img loading=\"lazy\" decoding=\"async\" width=\"425\" height=\"638\" src=\"https:\/\/culturaalimentaria.org\/2024\/wp-content\/uploads\/2024\/10\/la-cesta.webp\" alt=\"\" class=\"wp-image-1227\" style=\"width:250px\" srcset=\"https:\/\/culturaalimentaria.org\/2024\/wp-content\/uploads\/2024\/10\/la-cesta.webp 425w, https:\/\/culturaalimentaria.org\/2024\/wp-content\/uploads\/2024\/10\/la-cesta-200x300.webp 200w\" sizes=\"auto, (max-width: 425px) 100vw, 425px\" \/><\/a><\/figure>\n\n\n\n<p class=\"has-medium-font-size\"><strong><a href=\"https:\/\/culturaalimentaria.org\/2024\/la-cesta-comemos-lo-que-compramos\/\" target=\"_blank\" rel=\"noreferrer noopener\">LA CESTA<\/a><\/strong><br>Directores: Angelines Gonz\u00e1lez y Fernando S\u00e1enz<br>A\u00f1o: 2022<br>Duraci\u00f3n: 30min<\/p>\n<\/div>\n<\/div>\n\n\n\n<p><\/p>\n\n\n\n<div class=\"wp-block-columns is-layout-flex wp-container-core-columns-is-layout-9d6595d7 wp-block-columns-is-layout-flex\">\n<div class=\"wp-block-column is-layout-flow wp-block-column-is-layout-flow\">\n<figure class=\"wp-block-image size-full is-resized\"><a href=\"https:\/\/culturaalimentaria.org\/2024\/la-caravana-libre-de-toxicos\/\" target=\"_blank\" rel=\"noreferrer noopener\"><img loading=\"lazy\" decoding=\"async\" width=\"425\" height=\"638\" src=\"https:\/\/culturaalimentaria.org\/2024\/wp-content\/uploads\/2024\/10\/la-caravana-libre-de-toxicos.webp\" alt=\"\" class=\"wp-image-1225\" style=\"width:250px;height:auto\" srcset=\"https:\/\/culturaalimentaria.org\/2024\/wp-content\/uploads\/2024\/10\/la-caravana-libre-de-toxicos.webp 425w, https:\/\/culturaalimentaria.org\/2024\/wp-content\/uploads\/2024\/10\/la-caravana-libre-de-toxicos-200x300.webp 200w\" sizes=\"auto, (max-width: 425px) 100vw, 425px\" \/><\/a><\/figure>\n\n\n\n<p class=\"has-medium-font-size\"><strong><a href=\"https:\/\/culturaalimentaria.org\/2024\/la-caravana-libre-de-toxicos\/\" target=\"_blank\" rel=\"noreferrer noopener\">LA CARAVANA LIBRE DE T\u00d3XICOS<\/a><\/strong><br>Producido por: Xavi L\u00f3pez Coma<br>Impulsado por: SEAE <br>(Sociedad Espa\u00f1ola de Agricultura Ecol\u00f3gica y Agroecolog\u00eda)<br>Duraci\u00f3n: 16 minutos<\/p>\n<\/div>\n\n\n\n<div class=\"wp-block-column is-layout-flow wp-block-column-is-layout-flow\">\n<figure class=\"wp-block-image size-full is-resized\"><a href=\"https:\/\/culturaalimentaria.org\/2024\/la-voz-del-invernadero\/\" target=\"_blank\" rel=\"noreferrer noopener\"><img loading=\"lazy\" decoding=\"async\" width=\"425\" height=\"638\" src=\"https:\/\/culturaalimentaria.org\/2024\/wp-content\/uploads\/2024\/10\/La-voz-del-invernadero.webp\" alt=\"\" class=\"wp-image-1226\" style=\"width:250px\" srcset=\"https:\/\/culturaalimentaria.org\/2024\/wp-content\/uploads\/2024\/10\/La-voz-del-invernadero.webp 425w, https:\/\/culturaalimentaria.org\/2024\/wp-content\/uploads\/2024\/10\/La-voz-del-invernadero-200x300.webp 200w\" sizes=\"auto, (max-width: 425px) 100vw, 425px\" \/><\/a><\/figure>\n\n\n\n<p class=\"has-medium-font-size\"><strong><a href=\"https:\/\/culturaalimentaria.org\/2024\/la-voz-del-invernadero\/\" target=\"_blank\" rel=\"noreferrer noopener\">LA VOZ DEL INVERNADERO<\/a><\/strong><br>Proyecto de Santi Donaire<br>Producido por Ecologistas en Acci\u00f3n<br>A\u00f1o: 2024<br>Duraci\u00f3n: 18min<\/p>\n<\/div>\n<\/div>\n\n\n\n<p><\/p>\n\n\n\n<div class=\"wp-block-columns is-layout-flex wp-container-core-columns-is-layout-9d6595d7 wp-block-columns-is-layout-flex\">\n<div class=\"wp-block-column is-layout-flow wp-block-column-is-layout-flow\">\n<figure class=\"wp-block-image size-full is-resized\"><a href=\"https:\/\/culturaalimentaria.org\/2024\/como-que-como-como\/\" target=\"_blank\" rel=\"noreferrer noopener\"><img loading=\"lazy\" decoding=\"async\" width=\"425\" height=\"638\" src=\"https:\/\/culturaalimentaria.org\/2024\/wp-content\/uploads\/2024\/10\/como_que_como.webp\" alt=\"\" class=\"wp-image-1219\" style=\"width:250px\" srcset=\"https:\/\/culturaalimentaria.org\/2024\/wp-content\/uploads\/2024\/10\/como_que_como.webp 425w, https:\/\/culturaalimentaria.org\/2024\/wp-content\/uploads\/2024\/10\/como_que_como-200x300.webp 200w\" sizes=\"auto, (max-width: 425px) 100vw, 425px\" \/><\/a><\/figure>\n\n\n\n<p class=\"has-medium-font-size\"><strong><a href=\"https:\/\/culturaalimentaria.org\/2024\/como-que-como-como\/\" target=\"_blank\" rel=\"noreferrer noopener\">\u00bfC\u00d3MO QUE C\u00d3MO COMO?<\/a><\/strong><br>Director: Xabier Ortiz de Urbina<br>A\u00f1o: 2013<br>Duraci\u00f3n: 30min<\/p>\n<\/div>\n\n\n\n<div class=\"wp-block-column is-layout-flow wp-block-column-is-layout-flow\">\n<figure class=\"wp-block-image size-full is-resized\"><a href=\"https:\/\/culturaalimentaria.org\/2024\/los-guardianes-de-la-semilla\/\" target=\"_blank\" rel=\"noreferrer noopener\"><img loading=\"lazy\" decoding=\"async\" width=\"425\" height=\"638\" src=\"https:\/\/culturaalimentaria.org\/2024\/wp-content\/uploads\/2024\/10\/HAITI-CONEXION-PIRINEO-ARAGONES.webp\" alt=\"\" class=\"wp-image-1224\" style=\"width:250px\" srcset=\"https:\/\/culturaalimentaria.org\/2024\/wp-content\/uploads\/2024\/10\/HAITI-CONEXION-PIRINEO-ARAGONES.webp 425w, https:\/\/culturaalimentaria.org\/2024\/wp-content\/uploads\/2024\/10\/HAITI-CONEXION-PIRINEO-ARAGONES-200x300.webp 200w\" sizes=\"auto, (max-width: 425px) 100vw, 425px\" \/><\/a><\/figure>\n\n\n\n<p class=\"has-medium-font-size\"><strong><a href=\"https:\/\/culturaalimentaria.org\/2024\/los-guardianes-de-la-semilla\/\" target=\"_blank\" rel=\"noreferrer noopener\">LOS GUARDIANES DE LA SEMILLA<\/a><\/strong><br>Director: Almas<br>A\u00f1o: 2024<br>Duraci\u00f3n: 23min<\/p>\n<\/div>\n<\/div>\n\n\n\n<p><\/p>\n\n\n\n<div class=\"wp-block-columns is-layout-flex wp-container-core-columns-is-layout-9d6595d7 wp-block-columns-is-layout-flex\">\n<div class=\"wp-block-column is-layout-flow wp-block-column-is-layout-flow\">\n<figure class=\"wp-block-image size-full is-resized\"><a href=\"https:\/\/culturaalimentaria.org\/2024\/el-negocio-mundial-de-la-alimentacion\/\" target=\"_blank\" rel=\"noreferrer noopener\"><img loading=\"lazy\" decoding=\"async\" width=\"425\" height=\"638\" src=\"https:\/\/culturaalimentaria.org\/2024\/wp-content\/uploads\/2024\/10\/El-negocio-mundial-de-la-alimentacion.webp\" alt=\"\" class=\"wp-image-1221\" style=\"width:250px;height:auto\" srcset=\"https:\/\/culturaalimentaria.org\/2024\/wp-content\/uploads\/2024\/10\/El-negocio-mundial-de-la-alimentacion.webp 425w, https:\/\/culturaalimentaria.org\/2024\/wp-content\/uploads\/2024\/10\/El-negocio-mundial-de-la-alimentacion-200x300.webp 200w\" sizes=\"auto, (max-width: 425px) 100vw, 425px\" \/><\/a><\/figure>\n\n\n\n<p class=\"has-medium-font-size\"><strong><a href=\"https:\/\/culturaalimentaria.org\/2024\/el-negocio-mundial-de-la-alimentacion\/\" target=\"_blank\" rel=\"noreferrer noopener\">EL NEGOCIO MUNDIAL DE LA ALIMENTACI\u00d3N<\/a><\/strong><br>Directores: Enrico Parenti y Stefano Liberti<br>A\u00f1o: 2019<br>Duraci\u00f3n: 43min<\/p>\n<\/div>\n\n\n\n<div class=\"wp-block-column is-layout-flow wp-block-column-is-layout-flow\">\n<figure class=\"wp-block-image size-full is-resized\"><a href=\"https:\/\/culturaalimentaria.org\/2024\/one-earth-everything-is-connected\/\" target=\"_blank\" rel=\"noreferrer noopener\"><img loading=\"lazy\" decoding=\"async\" width=\"425\" height=\"638\" src=\"https:\/\/culturaalimentaria.org\/2024\/wp-content\/uploads\/2024\/10\/One-earth.webp\" alt=\"\" class=\"wp-image-1228\" style=\"width:250px\" srcset=\"https:\/\/culturaalimentaria.org\/2024\/wp-content\/uploads\/2024\/10\/One-earth.webp 425w, https:\/\/culturaalimentaria.org\/2024\/wp-content\/uploads\/2024\/10\/One-earth-200x300.webp 200w\" sizes=\"auto, (max-width: 425px) 100vw, 425px\" \/><\/a><\/figure>\n\n\n\n<p class=\"has-medium-font-size\"><strong><a href=\"https:\/\/culturaalimentaria.org\/2024\/one-earth-everything-is-connected\/\" target=\"_blank\" rel=\"noreferrer noopener\">ONE EARTH EVERYTHING IS CONNECTED<\/a><\/strong><br>Director: Francesco De Augustinis<br>A\u00f1o: 2021<br>Duraci\u00f3n: 93min<\/p>\n<\/div>\n<\/div>\n\n\n\n<p><\/p>\n\n\n\n<div class=\"wp-block-columns is-layout-flex wp-container-core-columns-is-layout-9d6595d7 wp-block-columns-is-layout-flex\">\n<div class=\"wp-block-column is-layout-flow wp-block-column-is-layout-flow\">\n<figure class=\"wp-block-image size-full is-resized\"><a href=\"https:\/\/culturaalimentaria.org\/2024\/el-cost-de-la-fruita\/\" target=\"_blank\" rel=\"noreferrer noopener\"><img loading=\"lazy\" decoding=\"async\" width=\"425\" height=\"638\" src=\"https:\/\/culturaalimentaria.org\/2024\/wp-content\/uploads\/2024\/10\/El-cost-de-la-fruta.webp\" alt=\"\" class=\"wp-image-1220\" style=\"width:250px\" srcset=\"https:\/\/culturaalimentaria.org\/2024\/wp-content\/uploads\/2024\/10\/El-cost-de-la-fruta.webp 425w, https:\/\/culturaalimentaria.org\/2024\/wp-content\/uploads\/2024\/10\/El-cost-de-la-fruta-200x300.webp 200w\" sizes=\"auto, (max-width: 425px) 100vw, 425px\" \/><\/a><\/figure>\n\n\n\n<p class=\"has-medium-font-size\"><strong><a href=\"https:\/\/culturaalimentaria.org\/2024\/el-cost-de-la-fruita\/\" target=\"_blank\" rel=\"noreferrer noopener\">EL COST DE LA FRUITA<\/a><\/strong><br>Directores: Clara Barbal y Pablo Rogero<br>A\u00f1o: 2020<br>Duraci\u00f3n: 60min<\/p>\n<\/div>\n\n\n\n<div class=\"wp-block-column is-layout-flow wp-block-column-is-layout-flow\"><\/div>\n<\/div>\n","protected":false},"excerpt":{"rendered":"<p>Documentales propuestos para su emisi\u00f3n durante la Campa\u00f1a de concienciaci\u00f3n y sensibilizaci\u00f3n en educaci\u00f3n ambiental: \u00abEl coste ambiental de lo que comemos.C\u00f3mo la producci\u00f3n de<\/p>\n","protected":false},"author":1,"featured_media":556,"parent":0,"menu_order":0,"comment_status":"closed","ping_status":"open","template":"page-templates\/template-services.php","meta":{"footnotes":""},"class_list":["post-51","page","type-page","status-publish","has-post-thumbnail","hentry"],"_links":{"self":[{"href":"https:\/\/culturaalimentaria.org\/2024\/wp-json\/wp\/v2\/pages\/51","targetHints":{"allow":["GET"]}}],"collection":[{"href":"https:\/\/culturaalimentaria.org\/2024\/wp-json\/wp\/v2\/pages"}],"about":[{"href":"https:\/\/culturaalimentaria.org\/2024\/wp-json\/wp\/v2\/types\/page"}],"author":[{"embeddable":true,"href":"https:\/\/culturaalimentaria.org\/2024\/wp-json\/wp\/v2\/users\/1"}],"replies":[{"embeddable":true,"href":"https:\/\/culturaalimentaria.org\/2024\/wp-json\/wp\/v2\/comments?post=51"}],"version-history":[{"count":73,"href":"https:\/\/culturaalimentaria.org\/2024\/wp-json\/wp\/v2\/pages\/51\/revisions"}],"predecessor-version":[{"id":1460,"href":"https:\/\/culturaalimentaria.org\/2024\/wp-json\/wp\/v2\/pages\/51\/revisions\/1460"}],"wp:featuredmedia":[{"embeddable":true,"href":"https:\/\/culturaalimentaria.org\/2024\/wp-json\/wp\/v2\/media\/556"}],"wp:attachment":[{"href":"https:\/\/culturaalimentaria.org\/2024\/wp-json\/wp\/v2\/media?parent=51"}],"curies":[{"name":"wp","href":"https:\/\/api.w.org\/{rel}","templated":true}]}}