{"id":640,"date":"2024-08-26T13:33:48","date_gmt":"2024-08-26T11:33:48","guid":{"rendered":"https:\/\/culturaalimentaria.org\/2024\/?page_id=640"},"modified":"2024-08-28T19:19:23","modified_gmt":"2024-08-28T17:19:23","slug":"aviso-legal","status":"publish","type":"page","link":"https:\/\/culturaalimentaria.org\/2024\/aviso-legal\/","title":{"rendered":"Aviso legal"},"content":{"rendered":"\n<h2 class=\"wp-block-heading\"><\/h2>\n\n\n\n<p><\/p>\n\n\n\n<p class=\"has-medium-font-size\"><strong>1. Datos identificativos<\/strong><\/p>\n\n\n\n<p class=\"has-medium-font-size\">En cumplimiento del art\u00edculo 10 de la Ley 34\/2002, del 11 de julio, de Servicios de la Sociedad de la Informaci\u00f3n y Comercio Electr\u00f3nico (LSSICE), le informamos:<br>El due\u00f1o titular del dominio web\u00a0<a href=\"https:\/\/culturaalimentaria.org\/2024\/\"><strong>https:\/\/culturaalimentaria.org<\/strong><\/a>  es<br>Alfonso Lacuesta P\u00e9rez<br>CIF: 16552315C<br>Joaqu\u00edn Turina 5, 5\u00baA, (26007) Logro\u00f1o, La Rioja, Espa\u00f1a.<br>Tel\u00e9fono: (+34) 609 55 80 79<br>particippa@culturaalimentaria.org<\/p>\n\n\n\n<p class=\"has-medium-font-size\">El Titular de este dominio posee la titulaci\u00f3n de\u00a0Ingeniero T\u00e9cnico Agr\u00edcola en Industrias Agrarias y Alimentarias, Colegiado 1607, expedido u homologado por EUPLA (La Almunia de Do\u00f1a Godina). Est\u00e1 inscrito en el Ilustre Colegio Oficial de Ingenieros T\u00e9cnicos Agr\u00edcolas de Navarra y La Rioja\u00a0con el N\u00famero de Colegiado 1607.<\/p>\n\n\n\n<p class=\"has-medium-font-size\">La utilizaci\u00f3n de este sito web implica la aceptaci\u00f3n por parte del usuario de las condiciones de uso incluidas en este aviso como tambi\u00e9n nuestras pol\u00edticas sobre\u00a0<strong><a href=\"https:\/\/culturaalimentaria.org\/2024\/politica-privacidad\/\">\u2018Pol\u00edtica de Privacidad\u2019<\/a><\/strong>\u00a0\u00a0y <a href=\"https:\/\/culturaalimentaria.org\/2024\/politica-de-cookies\/\">\u2018<strong>Pol\u00edtica de Cookies<\/strong>&#8216;<\/a>.<\/p>\n\n\n\n<p class=\"has-medium-font-size\">En el caso de que ciertos servicios contenidos y\/o herramientas ofrecidos a trav\u00e9s de este sitio web requieran de la aplicaci\u00f3n de condiciones particulares \u00e9stas se pondr\u00e1n a disposici\u00f3n del usuario.<\/p>\n\n\n\n<p class=\"has-medium-font-size\">Por otra parte, advierte que, tanto los contenidos y servicios de esta p\u00e1gina web como las propias condiciones de utilizaci\u00f3n, pueden ser modificados sin notificaci\u00f3n previa.<\/p>\n\n\n\n<p class=\"has-medium-font-size\"><strong>2. Condiciones de utilizaci\u00f3n<\/strong><\/p>\n\n\n\n<p class=\"has-medium-font-size\">El acceso y\/o uso de este sitio web atribuye la condici\u00f3n de USUARIO, que acepta, desde dicho acceso y\/o uso, las Condiciones Generales de Uso aqu\u00ed reflejadas.<\/p>\n\n\n\n<p class=\"has-medium-font-size\">El Usuario se compromete a que, en los apartados en que sea necesario que se registre para poder acceder a los mismos, facilitar datos veraces, exactos y completos sobre su identidad. Adem\u00e1s se compromete a mantener actualizados los datos personales que pudieran ser proporcionados al titular del dominio, por lo tanto, es el \u00fanico responsable de las falsedades o inexactitudes que realice.<\/p>\n\n\n\n<p class=\"has-medium-font-size\">Se informa que en caso de ser menor de edad deber\u00e1 obtener el permiso de sus padres, tutores o representantes legales para poder acceder a los servicios prestados. Este sitio web no se responsabiliza en el caso de que los datos sobre este tema sean inexactos o falsos.<\/p>\n\n\n\n<p class=\"has-medium-font-size\">Este sitio web s\u00f3lo puede ser utilizado con prop\u00f3sitos legales por tanto el usuario se obliga a hacer un uso l\u00edcito y honrado de este sitio web y conforme a las presentes Condiciones Generales de Uso, a No utilizar los servicios de&nbsp;este sitio web para la realizaci\u00f3n de actividades contrarias a las legislaci\u00f3n espa\u00f1ola, a la moral y al orden p\u00fablico, asumiendo por parte del usuario todas las responsabilidades de da\u00f1os y perjuicios frente al titular del dominio o terceros que pudieran derivarse de pr\u00e1cticas ilegales o no permitidas entre otras y a t\u00edtulo enunciativo y no limitativo:<\/p>\n\n\n\n<p class=\"has-medium-font-size\">\u2013 Realizar sin previo consentimiento por parte del titular del dominio cualquier manipulaci\u00f3n o alteraci\u00f3n de esta p\u00e1gina, no asumiendo el titular del dominio ninguna responsabilidad que pudiera derivarse, de dicha manipulaci\u00f3n o alteraci\u00f3n por terceros.<\/p>\n\n\n\n<p class=\"has-medium-font-size\">\u2013 Realizar cualquier acto que pueda da\u00f1ar, inutilizar, sobrecargar, o deteriorar este sitio web y los servicios y\/o impedir el normal uso y utilizaci\u00f3n por parte de los Usuarios.<\/p>\n\n\n\n<p class=\"has-medium-font-size\">\u2013 Introducir y\/o utilizar programas de ordenador, datos, archivos defectuosos, virus, c\u00f3digo malicioso, equipos inform\u00e1ticos o de telecomunicaciones o cualquier otro, independientemente de su naturaleza que pueda causar da\u00f1os en este sitio web, en cualquiera de los servicios, o en cualesquiera activos (f\u00edsicos o l\u00f3gicos) de los sistemas de informaci\u00f3n de titular del dominio.<\/p>\n\n\n\n<p class=\"has-medium-font-size\">\u2013 Violar los derechos de terceros a la intimidad, la propia imagen, la protecci\u00f3n de datos al secreto en las comunicaciones, a la propiedad intelectual e industrial.<\/p>\n\n\n\n<p class=\"has-medium-font-size\">\u2013 Ocultar y falsear el origen de mensajes de correo electr\u00f3nico.<\/p>\n\n\n\n<p class=\"has-medium-font-size\">\u2013 Utilizar identidades falsas, suplantar la identidad de otros en la utilizaci\u00f3n de&nbsp;este sitio web o en la utilizaci\u00f3n de cualquiera de los servicios.<\/p>\n\n\n\n<p class=\"has-medium-font-size\">\u2013 Reproducir, distribuir, modificar o copiar el contenido de esta p\u00e1gina, salvo que se disponga de la autorizaci\u00f3n del titular del dominio o est\u00e9 legalmente autorizado.<\/p>\n\n\n\n<p class=\"has-medium-font-size\">\u2013 Transmitir a terceros no autorizados los nombres de Usuario y las claves de acceso.<\/p>\n\n\n\n<p class=\"has-medium-font-size\">Este sitio web proporciona el acceso a multitud de informaciones, servicios, programas o datos (en adelante, \u201clos contenidos\u201d) en Internet pertenecientes a Alfonso Lacuesta P\u00e9rez, creador del sitio web o a sus licenciantes a los que el USUARIO pueda tener acceso. El USUARIO asume la responsabilidad del uso de este sitio web. Dicha responsabilidad se extiende al registro que fuese necesario para acceder a determinados servicios o contenidos. En dicho registro el USUARIO ser\u00e1 responsable de aportar informaci\u00f3n veraz y l\u00edcita. Como consecuencia de este registro, al USUARIO se le puede proporcionar una contrase\u00f1a de la que ser\u00e1 responsable, comprometi\u00e9ndose a hacer un uso diligente y confidencial de la misma. El USUARIO se compromete a hacer un uso adecuado de los contenidos y servicios que Alfonso Lacuesta P\u00e9rez ofrece a trav\u00e9s de su web y con car\u00e1cter enunciativo pero no limitativo, a no emplearlos para (I) incurrir en actividades il\u00edcitas, ilegales o contrarias a la buena fe y al orden p\u00fablico; (II) difundir contenidos o propaganda de car\u00e1cter racista, xen\u00f3fobo, pornogr\u00e1fico-ilegal, de apolog\u00eda del terrorismo o atentatorio contra los derechos humanos; (III) provocar da\u00f1os en los sistemas f\u00edsicos y l\u00f3gicos de Alfonso Lacuesta P\u00e9rez , de sus proveedores o de terceras personas, introducir o difundir en la red virus inform\u00e1ticos o cualesquiera otros sistemas f\u00edsicos o l\u00f3gicos que sean susceptibles de provocar los da\u00f1os anteriormente mencionados; (IV) intentar acceder y, en su caso, utilizar las cuentas de correo electr\u00f3nico de otros usuarios y modificar o manipular sus mensajes.<br>Alfonso Lacuesta P\u00e9rez se reserva el derecho de retirar todos aquellos comentarios y aportaciones que vulneren el respeto a la dignidad de la persona, que sean discriminatorios, xen\u00f3fobos, racistas, pornogr\u00e1ficos, que atenten contra la juventud o la infancia, el orden o la seguridad p\u00fablica o que, a su juicio, no resultaran adecuados para su publicaci\u00f3n. En cualquier caso, Alfonso Lacuesta P\u00e9rez no ser\u00e1 responsable de las opiniones vertidas por los usuarios a trav\u00e9s de los foros, chats, blogs u otras herramientas de participaci\u00f3n.<\/p>\n\n\n\n<p class=\"has-medium-font-size\"><strong>3. Enlaces<\/strong><\/p>\n\n\n\n<p class=\"has-medium-font-size\">En el caso de que en nombre de este sitio web se dispusiesen enlaces o hiperv\u00ednculos hac\u00eda otros sitios de Internet, Alfonso Lacuesta P\u00e9rez no ejercer\u00e1 ning\u00fan tipo de control sobre dichos sitios y contenidos. En ning\u00fan caso Alfonso Lacuesta P\u00e9rez asumir\u00e1 responsabilidad alguna por los contenidos de alg\u00fan enlace perteneciente a un sitio web ajeno, ni garantizar\u00e1 la disponibilidad t\u00e9cnica, calidad, fiabilidad, exactitud, amplitud, veracidad, validez y constitucionalidad de cualquier material o informaci\u00f3n contenida en ninguno de dichos hiperv\u00ednculos u otros sitios de Internet. Igualmente la inclusi\u00f3n de estas conexiones externas no implicar\u00e1 ning\u00fan tipo de asociaci\u00f3n, fusi\u00f3n o participaci\u00f3n con las entidades conectadas.<\/p>\n\n\n\n<p class=\"has-medium-font-size\">Alfonso Lacuesta P\u00e9rez no responde de los Enlaces (LINKS) a otras p\u00e1ginas de Internet de terceros y su existencia no implica que apruebe o acepte sus contenidos y servicios. Estas otras p\u00e1ginas web no est\u00e1n controladas por Alfonso Lacuesta P\u00e9rez ni cubiertas por la presente Pol\u00edtica de Privacidad. Si accede a otras p\u00e1ginas web utilizando los Links proporcionados, los operadores de dichos sitios web podr\u00e1n recoger su informaci\u00f3n personal. Aseg\u00farese de que est\u00e1 conforme con las Pol\u00edticas de Privacidad de estas terceras p\u00e1ginas web antes de facilitar ning\u00fan tipo de informaci\u00f3n personal.<\/p>\n\n\n\n<p class=\"has-medium-font-size\">Con car\u00e1cter general, el titular del dominio, excluye su responsabilidad por los da\u00f1os y perjuicios de cualquier naturaleza e \u00edndole que pudieran derivarse del uso del sito web de, as\u00ed como a los da\u00f1os y perjuicios derivados de la infracci\u00f3n de los derechos de propiedad Intelectual e Industrial por parte de los usuarios y\/o la falta de veracidad,<br>exactitud, y actualidad de los contenidos, ni le podr\u00e1n ser exigidas responsabilidades por la interrupci\u00f3n del servicio, inadecuado funcionamiento o imposibilidad de acceso al servicio.<\/p>\n\n\n\n<p class=\"has-medium-font-size\">El titular del dominio no ser\u00e1 responsable por los da\u00f1os y perjuicios causados por la presencia de virus o cualquier otro software lesivo que pueda producir alteraciones en el&nbsp; sistema inform\u00e1tico del Usuario.<\/p>\n\n\n\n<p class=\"has-medium-font-size\">El sitio web, incluyendo a t\u00edtulo enunciativo pero no limitatvo, su programaci\u00f3n, dise\u00f1os, logotipos, texto y\/o gr\u00e1fcos son propiedad del prestador o en su caso dispone de licencia o autorizaci\u00f3n expresa por parte de los autores.<\/p>\n\n\n\n<p class=\"has-medium-font-size\">Independientemente de la finalidad para la que fueran destinados, la reproducci\u00f3n total o parcial, uso, explotaci\u00f3n, distribuci\u00f3n y comercializaci\u00f3n, requiere en todo caso de la autorizaci\u00f3n escrita previa por parte del titular del dominio.<\/p>\n\n\n\n<p class=\"has-medium-font-size\">El usuario se compromete a no realizar ning\u00fan acto en contra de los derechos de propiedad intelectual o industrial del autor.<\/p>\n\n\n\n<p class=\"has-medium-font-size\">El prestador autoriza expresamente a que terceros puedan redirigir directamente a los contenidos concretos del sitio web, debiendo en todo caso redirigir al sitio web principal del prestador.<\/p>\n\n\n\n<p class=\"has-medium-font-size\"><strong>4. Propiedad intelectual e industrial<\/strong><\/p>\n\n\n\n<p class=\"has-medium-font-size\">Todo el contenido de este sitio web es propiedad intelectual e industrial de Alfonso Lacuesta P\u00e9rez o tambi\u00e9n puede darse el caso de ser de terceros titulares cuyo permiso de uso se ha obtenido debidamente para su inclusi\u00f3n en este sitio web.<\/p>\n\n\n\n<p class=\"has-medium-font-size\">En ning\u00fan caso se entender\u00e1 que se concede licencia alguna o se efect\u00faa renuncia, transmisi\u00f3n, cesi\u00f3n total o parcial de dichos derechos sobre los contenidos de este sitio web sin la previa autorizaci\u00f3n expresa y por escrito de Alfonso Lacuesta P\u00e9rez.<\/p>\n\n\n\n<p class=\"has-medium-font-size\">Las im\u00e1genes publicadas en este sitio web est\u00e1n obtenidas con las autorizaciones correspondientes y est\u00e1n protegidas por la Legislaci\u00f3n vigente. El titular y beneficiario de estos derechos es Alfonso Lacuesta P\u00e9rez.<\/p>\n\n\n\n<p class=\"has-medium-font-size\">El usuario acepta que el acceso a los contenidos de este sitio web no le otorga derecho alguno sobre la propiedad y uso de estas im\u00e1genes para su alteraci\u00f3n, modificaci\u00f3n, explotaci\u00f3n, apropiaci\u00f3n indebida, comercializaci\u00f3n o cualquier acto de competencia desleal que infrinja los derechos de propiedad intelectual.<\/p>\n\n\n\n<p class=\"has-medium-font-size\">As\u00edmismo, cualquier material cedido por los usuarios a Alfonso Lacuesta P\u00e9rez como comentarios, publicaciones, fotograf\u00edas, etc. pasa a ser propiedad de este sitio web.<\/p>\n\n\n\n<p class=\"has-medium-font-size\">El usuario se compromete a respetar los contenidos de este sitio web. Deber\u00e1 abstenerse de suprimir, alterar, eludir o manipular cualquier dispositivo de protecci\u00f3n o sistema de seguridad que estuviera instalado en este sitio web.<\/p>\n\n\n\n<p class=\"has-medium-font-size\"><strong>5. Exclusi\u00f3n de garant\u00edas y responsabilidad<\/strong><\/p>\n\n\n\n<p class=\"has-medium-font-size\">Alfonso Lacuesta P\u00e9rez no se hace responsable, en ning\u00fan caso, de los da\u00f1os y perjuicios de cualquier naturaleza que pudieran ocasionar, a t\u00edtulo enunciativo: errores u omisiones en los contenidos, falta de disponibilidad del sitio web o la transmisi\u00f3n de virus o programas maliciosos o lesivos en los contenidos, a pesar de haber adoptado todas las medidas tecnol\u00f3gicas necesarias para evitarlo.<\/p>\n\n\n\n<p class=\"has-medium-font-size\"><strong>6. Modificaciones<\/strong><\/p>\n\n\n\n<p class=\"has-medium-font-size\">Alfonso Lacuesta P\u00e9rez se reserva el derecho de efectuar sin previo aviso las modificaciones que considere oportunas en su sitio web, pudiendo cambiar, suprimir o a\u00f1adir tanto los contenidos y servicios que se presten a trav\u00e9s de la misma como la forma en la que \u00e9stos aparezcan presentados o localizados en su sitio web.<\/p>\n\n\n\n<p class=\"has-medium-font-size\"><strong>7. Derecho de exclusi\u00f3n<\/strong><\/p>\n\n\n\n<p class=\"has-medium-font-size\">Alfonso Lacuesta P\u00e9rez se reserva el derecho a denegar o retirar el acceso y\/o los servicios ofrecidos sin necesidad de preaviso, a instancia propia o de un tercero, a aquellos usuarios que incumplan las presentes Condiciones Generales de Uso.<\/p>\n\n\n\n<p class=\"has-medium-font-size\"><strong>8. Modificaci\u00f3n y duraci\u00f3n de estas condiciones<\/strong><\/p>\n\n\n\n<p class=\"has-medium-font-size\">Alfonso Lacuesta P\u00e9rez podr\u00e1 modificar en cualquier momento las condiciones aqu\u00ed determinadas, siendo debidamente publicadas como aqu\u00ed aparecen. La vigencia de las citadas condiciones ir\u00e1 en funci\u00f3n de su exposici\u00f3n y estar\u00e1n vigentes hasta que sean modificadas por otras debidamente publicadas.<\/p>\n\n\n\n<p class=\"has-medium-font-size\"><strong>9. Uso de cookies<\/strong><br>Alfonso Lacuesta P\u00e9rez como titular de esta web declara que utliza procedimientos autom\u00e1ticos de recogida de informaci\u00f3n para guardar el registro de los Usuarios que visitan su p\u00e1gina web. Pulsa aqu\u00ed para acceder a nuestra\u00a0<a href=\"https:\/\/culturaalimentaria.org\/2024\/politica-de-cookies\/\"><strong>\u2018Pol\u00edtica de Cookies&#8217;<\/strong><\/a><\/p>\n\n\n\n<p class=\"has-medium-font-size\"><strong>10. Protecci\u00f3n de datos<\/strong><br>Puede consultar en el siguiente enlace nuestra <strong><a href=\"https:\/\/culturaalimentaria.org\/2024\/politica-privacidad\/\">\u2018Pol\u00edtica de Privacidad\u2019<\/a><\/strong> de car\u00e1cter\u00a0 personal.<\/p>\n\n\n\n<p class=\"has-medium-font-size\"><strong>11. Legislaci\u00f3n aplicable<\/strong><br>Las presentes Condiciones se regir\u00e1n en todo momento por lo dispuesto en la legislaci\u00f3n espa\u00f1ola.<\/p>\n","protected":false},"excerpt":{"rendered":"<p>1. Datos identificativos En cumplimiento del art\u00edculo 10 de la Ley 34\/2002, del 11 de julio, de Servicios de la Sociedad de la Informaci\u00f3n y<\/p>\n","protected":false},"author":1,"featured_media":0,"parent":0,"menu_order":0,"comment_status":"closed","ping_status":"closed","template":"","meta":{"footnotes":""},"class_list":["post-640","page","type-page","status-publish","hentry"],"_links":{"self":[{"href":"https:\/\/culturaalimentaria.org\/2024\/wp-json\/wp\/v2\/pages\/640","targetHints":{"allow":["GET"]}}],"collection":[{"href":"https:\/\/culturaalimentaria.org\/2024\/wp-json\/wp\/v2\/pages"}],"about":[{"href":"https:\/\/culturaalimentaria.org\/2024\/wp-json\/wp\/v2\/types\/page"}],"author":[{"embeddable":true,"href":"https:\/\/culturaalimentaria.org\/2024\/wp-json\/wp\/v2\/users\/1"}],"replies":[{"embeddable":true,"href":"https:\/\/culturaalimentaria.org\/2024\/wp-json\/wp\/v2\/comments?post=640"}],"version-history":[{"count":3,"href":"https:\/\/culturaalimentaria.org\/2024\/wp-json\/wp\/v2\/pages\/640\/revisions"}],"predecessor-version":[{"id":740,"href":"https:\/\/culturaalimentaria.org\/2024\/wp-json\/wp\/v2\/pages\/640\/revisions\/740"}],"wp:attachment":[{"href":"https:\/\/culturaalimentaria.org\/2024\/wp-json\/wp\/v2\/media?parent=640"}],"curies":[{"name":"wp","href":"https:\/\/api.w.org\/{rel}","templated":true}]}}