{"id":1051,"date":"2024-09-13T12:30:24","date_gmt":"2024-09-13T10:30:24","guid":{"rendered":"https:\/\/culturaalimentaria.org\/2024\/?post_type=tribe_events&#038;p=1051"},"modified":"2024-09-13T12:30:24","modified_gmt":"2024-09-13T10:30:24","slug":"charla-en-centro-penitenciario-de-logrono-11-15-horas","status":"publish","type":"tribe_events","link":"https:\/\/culturaalimentaria.org\/2024\/actividad\/charla-en-centro-penitenciario-de-logrono-11-15-horas\/","title":{"rendered":"Charla en Centro Penitenciario de Logro\u00f1o 11.15 horas"},"content":{"rendered":"<p><span style=\"color: #7fae38;\"><strong>CHARLA:<\/strong>\u00a0<strong>\u00abEl coste ambiental de lo que comemos.<\/strong><\/span><br \/>\n<span style=\"color: #7fae38;\"><strong>C\u00f3mo la producci\u00f3n de alimentos y nuestros h\u00e1bitos de consumo afectan al medioambiente.\u00bb<\/strong><\/span><\/p>\n<p>Campa\u00f1a de concienciaci\u00f3n y sensibilizaci\u00f3n en educaci\u00f3n ambiental<\/p>\n<p>Ponente: Alfonso Lacuesta<br \/>\n<em>Ingeniero T\u00e9cnico Agr\u00edcola &#8211; Agente de Desarrollo Rural e Innovaci\u00f3n<\/em><\/p>\n<p>Colabora: Centro Plus Ultra &#8211; Aulas Centro Penitenciario de Logro\u00f1o<\/p>\n","protected":false},"excerpt":{"rendered":"<p>CAMPA\u00d1A DE EDUCACI\u00d3N AMBIENTAL<br \/>\nCharla: El coste ambiental de nuestra alimentaci\u00f3n.<br \/>\nC\u00f3mo la producci\u00f3n de alimentos y nuestros h\u00e1bitos de consumo afectan al medioambiente.<\/p>\n","protected":false},"author":1,"featured_media":1047,"comment_status":"open","ping_status":"closed","template":"","meta":{"_tribe_events_status":"","_tribe_events_status_reason":"","footnotes":""},"tags":[32,31,9],"tribe_events_cat":[],"class_list":["post-1051","tribe_events","type-tribe_events","status-publish","has-post-thumbnail","hentry","tag-centro-penitenciario-de-logrono","tag-centro-plus-ultra","tag-charla"],"_links":{"self":[{"href":"https:\/\/culturaalimentaria.org\/2024\/wp-json\/wp\/v2\/tribe_events\/1051","targetHints":{"allow":["GET"]}}],"collection":[{"href":"https:\/\/culturaalimentaria.org\/2024\/wp-json\/wp\/v2\/tribe_events"}],"about":[{"href":"https:\/\/culturaalimentaria.org\/2024\/wp-json\/wp\/v2\/types\/tribe_events"}],"author":[{"embeddable":true,"href":"https:\/\/culturaalimentaria.org\/2024\/wp-json\/wp\/v2\/users\/1"}],"replies":[{"embeddable":true,"href":"https:\/\/culturaalimentaria.org\/2024\/wp-json\/wp\/v2\/comments?post=1051"}],"version-history":[{"count":1,"href":"https:\/\/culturaalimentaria.org\/2024\/wp-json\/wp\/v2\/tribe_events\/1051\/revisions"}],"predecessor-version":[{"id":1052,"href":"https:\/\/culturaalimentaria.org\/2024\/wp-json\/wp\/v2\/tribe_events\/1051\/revisions\/1052"}],"wp:featuredmedia":[{"embeddable":true,"href":"https:\/\/culturaalimentaria.org\/2024\/wp-json\/wp\/v2\/media\/1047"}],"wp:attachment":[{"href":"https:\/\/culturaalimentaria.org\/2024\/wp-json\/wp\/v2\/media?parent=1051"}],"wp:term":[{"taxonomy":"post_tag","embeddable":true,"href":"https:\/\/culturaalimentaria.org\/2024\/wp-json\/wp\/v2\/tags?post=1051"},{"taxonomy":"tribe_events_cat","embeddable":true,"href":"https:\/\/culturaalimentaria.org\/2024\/wp-json\/wp\/v2\/tribe_events_cat?post=1051"}],"curies":[{"name":"wp","href":"https:\/\/api.w.org\/{rel}","templated":true}]}}