{"id":1485,"date":"2024-10-14T20:48:55","date_gmt":"2024-10-14T18:48:55","guid":{"rendered":"https:\/\/culturaalimentaria.org\/2024\/?post_type=tribe_events&#038;p=1485"},"modified":"2024-10-15T12:55:29","modified_gmt":"2024-10-15T10:55:29","slug":"proyeccion-debate-ibercaja","status":"publish","type":"tribe_events","link":"https:\/\/culturaalimentaria.org\/2024\/actividad\/proyeccion-debate-ibercaja\/","title":{"rendered":"Proyecci\u00f3n y Debate en Fundaci\u00f3n Ibercaja"},"content":{"rendered":"<p>Proyecci\u00f3n y posterior Debate del documental de Xabier Ortiz de Urbina <strong>\u00bfC\u00f3mo que c\u00f3mo como?<\/strong> en el Aula de Estudios de Fundaci\u00f3n Ibercaja, Logro\u00f1o.<\/p>\n<hr \/>\n<p><img loading=\"lazy\" decoding=\"async\" class=\"alignnone wp-image-1487 size-full\" src=\"https:\/\/culturaalimentaria.org\/2024\/wp-content\/uploads\/2024\/10\/como_que_como-1.webp\" alt=\"\" width=\"425\" height=\"638\" srcset=\"https:\/\/culturaalimentaria.org\/2024\/wp-content\/uploads\/2024\/10\/como_que_como-1.webp 425w, https:\/\/culturaalimentaria.org\/2024\/wp-content\/uploads\/2024\/10\/como_que_como-1-200x300.webp 200w\" sizes=\"auto, (max-width: 425px) 100vw, 425px\" \/><\/p>\n<p>&nbsp;<\/p>\n<p>Proyecci\u00f3n y Debate: <strong>\u00bfC\u00f3mo que c\u00f3mo como?<\/strong><\/p>\n<p class=\"has-medium-font-size\"><em>El documental \u00ab\u00bfC\u00f3mo que c\u00f3mo como?\u00bb explora el veganismo a trav\u00e9s de las experiencias de tres j\u00f3venes veganos: Eneko, Matias y Lide. La pel\u00edcula invita a reflexionar sobre lo que ponemos en nuestro plato y cuestiona las implicaciones \u00e9ticas, ambientales y de salud que rodean nuestra alimentaci\u00f3n diaria. Mediante testimonios personales y an\u00e1lisis sobre el impacto de las decisiones alimentarias, el filme busca sensibilizar al p\u00fablico sobre la importancia de elegir un estilo de vida m\u00e1s consciente y sostenible\u200b.<\/em><\/p>\n<p class=\"has-medium-font-size\"><em>El documental aborda cuestiones del activismo vegano y presenta un enfoque cr\u00edtico hacia el consumo de productos de origen animal, invitando a un cambio en los h\u00e1bitos alimentarios hacia opciones m\u00e1s sostenibles y \u00e9ticas.<\/em><\/p>\n<p>Director: Xabier Ortiz de Urbina<br \/>\nA\u00f1o: 2013<br \/>\nDuraci\u00f3n: 30min<\/p>\n<hr \/>\n<p>Coloquio: Alfonso Lacuesta<br \/>\n<em>Ingeniero T\u00e9cnico Agr\u00edcola &#8211; Agente de Desarrollo Rural e Innovaci\u00f3n<\/em><\/p>\n<p>Colabora: Fundaci\u00f3n Ibercaja<\/p>\n<hr \/>\n<p>Campa\u00f1a de concienciaci\u00f3n y sensibilizaci\u00f3n en educaci\u00f3n ambiental<\/p>\n<p><span style=\"color: #7fae38;\"><strong>\u00abEl coste ambiental de lo que comemos.<\/strong><\/span><br \/>\n<span style=\"color: #7fae38;\"><strong>C\u00f3mo la producci\u00f3n de alimentos y nuestros h\u00e1bitos de consumo afectan al medioambiente.\u00bb<\/strong><\/span><\/p>\n","protected":false},"excerpt":{"rendered":"<p>Proyecci\u00f3n y posterior Debate del documental de Xabier Ortiz de Urbina \u00bfC\u00f3mo que c\u00f3mo como? en el Aula de Estudios de Fundaci\u00f3n Ibercaja, Logro\u00f1o. &nbsp;<\/p>\n","protected":false},"author":1,"featured_media":1486,"comment_status":"open","ping_status":"closed","template":"","meta":{"_tribe_events_status":"","_tribe_events_status_reason":"","footnotes":""},"tags":[11,59,47],"tribe_events_cat":[54,46],"class_list":["post-1485","tribe_events","type-tribe_events","status-publish","has-post-thumbnail","hentry","tag-debate","tag-ibercaja","tag-proyeccion","tribe_events_cat-debate","tribe_events_cat-proyeccion","cat_debate","cat_proyeccion"],"_links":{"self":[{"href":"https:\/\/culturaalimentaria.org\/2024\/wp-json\/wp\/v2\/tribe_events\/1485","targetHints":{"allow":["GET"]}}],"collection":[{"href":"https:\/\/culturaalimentaria.org\/2024\/wp-json\/wp\/v2\/tribe_events"}],"about":[{"href":"https:\/\/culturaalimentaria.org\/2024\/wp-json\/wp\/v2\/types\/tribe_events"}],"author":[{"embeddable":true,"href":"https:\/\/culturaalimentaria.org\/2024\/wp-json\/wp\/v2\/users\/1"}],"replies":[{"embeddable":true,"href":"https:\/\/culturaalimentaria.org\/2024\/wp-json\/wp\/v2\/comments?post=1485"}],"version-history":[{"count":3,"href":"https:\/\/culturaalimentaria.org\/2024\/wp-json\/wp\/v2\/tribe_events\/1485\/revisions"}],"predecessor-version":[{"id":1504,"href":"https:\/\/culturaalimentaria.org\/2024\/wp-json\/wp\/v2\/tribe_events\/1485\/revisions\/1504"}],"wp:featuredmedia":[{"embeddable":true,"href":"https:\/\/culturaalimentaria.org\/2024\/wp-json\/wp\/v2\/media\/1486"}],"wp:attachment":[{"href":"https:\/\/culturaalimentaria.org\/2024\/wp-json\/wp\/v2\/media?parent=1485"}],"wp:term":[{"taxonomy":"post_tag","embeddable":true,"href":"https:\/\/culturaalimentaria.org\/2024\/wp-json\/wp\/v2\/tags?post=1485"},{"taxonomy":"tribe_events_cat","embeddable":true,"href":"https:\/\/culturaalimentaria.org\/2024\/wp-json\/wp\/v2\/tribe_events_cat?post=1485"}],"curies":[{"name":"wp","href":"https:\/\/api.w.org\/{rel}","templated":true}]}}